{"id":2398,"date":"2024-07-15T13:52:50","date_gmt":"2024-07-15T11:52:50","guid":{"rendered":"https:\/\/www.campinglacolina.com\/tomter\/pakke\/"},"modified":"2024-10-21T10:09:09","modified_gmt":"2024-10-21T08:09:09","slug":"pakke","status":"publish","type":"page","link":"https:\/\/www.campinglacolina.com\/no\/tomter\/pakke\/","title":{"rendered":"Pakke"},"content":{"rendered":"\n<div class=\"wp-block-cover alignfull banner-interior\" style=\"margin-top:0;margin-bottom:0;min-height:100vh;aspect-ratio:unset;\"><span aria-hidden=\"true\" class=\"wp-block-cover__background has-background-dim-30 has-background-dim\"><\/span><img loading=\"lazy\" decoding=\"async\" width=\"1660\" height=\"1109\" class=\"wp-block-cover__image-background wp-image-970\" alt=\"\" src=\"https:\/\/www.campinglacolina.com\/wp-content\/uploads\/parcela1.jpg\" data-object-fit=\"cover\" srcset=\"https:\/\/www.campinglacolina.com\/wp-content\/uploads\/\/parcela1.jpg 1660w, https:\/\/www.campinglacolina.com\/wp-content\/uploads\/\/parcela1-1024x684.jpg 1024w, https:\/\/www.campinglacolina.com\/wp-content\/uploads\/\/parcela1-768x513.jpg 768w, https:\/\/www.campinglacolina.com\/wp-content\/uploads\/\/parcela1-1536x1026.jpg 1536w, https:\/\/www.campinglacolina.com\/wp-content\/uploads\/\/parcela1-512x342.jpg 512w, https:\/\/www.campinglacolina.com\/wp-content\/uploads\/\/parcela1-256x171.jpg 256w\" sizes=\"auto, (max-width: 1660px) 100vw, 1660px\" \/><div class=\"wp-block-cover__inner-container is-layout-constrained wp-block-cover-is-layout-constrained\">\n<h1 class=\"wp-block-heading alignwide has-text-align-left animation--init--once slide-up\"><sup>Bli hos oss<\/sup><br\/>pakke<\/h1>\n<\/div><\/div>\n\n<div class=\"wp-block-group motor-reservas interior animation--init--once fade-in delay-5 is-layout-constrained wp-block-group-is-layout-constrained\"><p>[moteur_thelis]<\/p>\n<\/div>\n\n<div class=\"wp-block-group alignwide intro section-z-index padding-responsive is-layout-constrained wp-block-group-is-layout-constrained\" style=\"margin-top:0;margin-bottom:0;padding-top:var(--wp--preset--spacing--80);padding-bottom:var(--wp--preset--spacing--80)\">\n<h2 class=\"wp-block-heading has-text-align-center animation--init--once slide-up has-theme-blue-color has-text-color has-link-color wp-elements-05a8ed37dfae5458da98a5b291e875c6\"><mark style=\"background-color:rgba(0, 0, 0, 0)\" class=\"has-inline-color has-theme-blue-light-color\"><sup>BO P\u00c5 LA HILL CAMPING<\/sup><\/mark><br\/>V\u00e5re tomter<\/h2>\n\n\n\n<p class=\"has-text-align-center animation--init--once slide-up\">Vi har totalt <strong>150 tomter p\u00e5 11&#215;9 meter<\/strong> i v\u00e5re lokaler.<br\/>hvor du skal sette opp campingvognen eller teltet.<br\/>Alle tomter <strong>har vann, str\u00f8m og avl\u00f8p, samt<\/strong><br\/><strong>tr\u00e5dl\u00f8s Internett-tilkobling<\/strong>.<\/p>\n<\/div>\n\n<div class=\"wp-block-group alignfull parcelas-container section-z-index padding-responsive is-layout-constrained wp-block-group-is-layout-constrained\" style=\"padding-top:var(--wp--preset--spacing--80);padding-bottom:var(--wp--preset--spacing--80)\">\n<div class=\"wp-block-columns alignwide are-vertically-aligned-top is-layout-flex wp-container-core-columns-is-layout-28f84493 wp-block-columns-is-layout-flex\">\n<div class=\"wp-block-column is-vertically-aligned-top is-layout-flow wp-block-column-is-layout-flow\" style=\"flex-basis:45%\">\n<h3 class=\"wp-block-heading animation--init--once slide-up has-theme-blue-color has-text-color has-link-color wp-elements-b163f1e5a5839785c05877a595bbf78f\" style=\"font-size:42px\">PAKKE<\/h3>\n\n\n\n<div class=\"wp-block-group animation--init--once pop-up is-content-justification-left is-nowrap is-layout-flex wp-container-core-group-is-layout-fc9f69e7 wp-block-group-is-layout-flex\">\n<div class=\"wp-block-group is-nowrap is-layout-flex wp-container-core-group-is-layout-6c531013 wp-block-group-is-layout-flex\">\n<figure class=\"wp-block-image size-large\"><img loading=\"lazy\" decoding=\"async\" width=\"21\" height=\"21\" src=\"https:\/\/www.campinglacolina.com\/wp-content\/uploads\/marco-1.svg\" alt=\"\" class=\"wp-image-985\"\/><\/figure>\n\n\n\n<p class=\"has-theme-blue-color has-text-color has-link-color wp-elements-0d5420d5da0c6d49108af5ec12209f2e\">90 m2<\/p>\n<\/div>\n\n\n\n<div class=\"wp-block-group is-nowrap is-layout-flex wp-container-core-group-is-layout-6c531013 wp-block-group-is-layout-flex\">\n<figure class=\"wp-block-image size-large\"><img loading=\"lazy\" decoding=\"async\" width=\"21\" height=\"21\" src=\"https:\/\/www.campinglacolina.com\/wp-content\/uploads\/coche-1.svg\" alt=\"\" class=\"wp-image-990\"\/><\/figure>\n\n\n\n<p class=\"has-theme-blue-color has-text-color has-link-color wp-elements-9a86fb051e7ad4554be2c14f24242e35\">x1<\/p>\n<\/div>\n\n\n\n<figure class=\"wp-block-image size-large\"><img loading=\"lazy\" decoding=\"async\" width=\"21\" height=\"21\" src=\"https:\/\/www.campinglacolina.com\/wp-content\/uploads\/ducha-1.svg\" alt=\"\" class=\"wp-image-991\"\/><\/figure>\n\n\n\n<figure class=\"wp-block-image size-large\"><img loading=\"lazy\" decoding=\"async\" width=\"21\" height=\"21\" src=\"https:\/\/www.campinglacolina.com\/wp-content\/uploads\/grifo-1.svg\" alt=\"\" class=\"wp-image-992\"\/><\/figure>\n\n\n\n<figure class=\"wp-block-image size-large\"><img loading=\"lazy\" decoding=\"async\" width=\"21\" height=\"21\" src=\"https:\/\/www.campinglacolina.com\/wp-content\/uploads\/cable-de-enchufe-1.svg\" alt=\"\" class=\"wp-image-993\"\/><\/figure>\n<\/div>\n\n\n\n<p>Campingplassen v\u00e5r tilbyr store, solrike plasser, ideelle for campingvogner og bobiler. Hvis du foretrekker litt skygge, har vi ogs\u00e5 tomter dekket av naturlig vegetasjon, som gir et friskt og hyggelig milj\u00f8.  <\/p>\n\n\n\n<p>Mange av plassene v\u00e5re overstiger 120 m\u00b2, s\u00e5 du kan bo komfortabelt, selv om du har en stor bobil som en Concorde eller Morello.<\/p>\n\n\n\n<p>Alle v\u00e5re plasser er utstyrt med vann, avl\u00f8p og stikkontakt, noe som sikrer et komfortabelt og praktisk opphold<\/p>\n\n\n\n<div class=\"wp-block-buttons is-hidden is-layout-flex wp-block-buttons-is-layout-flex\">\n<div class=\"wp-block-button animation--init--once slide-left\"><a class=\"wp-block-button__link has-theme-blue-light-background-color has-background wp-element-button\" href=\"#simpleblock\" style=\"border-radius:50px\">Bestill n\u00e5<\/a><\/div>\n<\/div>\n<\/div>\n\n\n\n<div class=\"wp-block-column is-vertically-aligned-top is-layout-flow wp-block-column-is-layout-flow\" style=\"flex-basis:55%\">\n<div class=\"wp-image-slider galeria-1 has-text-align-left aspect-ratio-3_2\">\n\n                                        \n                    <script>\n                        'use strict';\n\n                        document.addEventListener('DOMContentLoaded', function () {\n\n                            (function() {\n                                const blockSlide = new Splide( '#slide_674', {\n                                    type : 'slide',\n                                    perPage: 1,\n                                                                        \n                                    breakpoints: {\n                                        800: {\n                                            perPage: 1,\n                                                                                    },\n                                        450: {\n                                            perPage: 1,\n                                            \n                                        },\n                                    },\n                                    pagination: false,\n                                    arrows: false,\n                                    gap: 'var(--wp--style--block-gap)',\n                                    i18n: {\n                                        slideLabel: '%s\/%s',\n                                    }\n                                } );\n                                \n\n                                \n                                blockSlide.mount();\n\n                                                                \n                                \n                            })();\n                        })\n                    <\/script>\n\n                    <div class=\"slider-container\"><div class=\"splide galeria-slider galeria-columnas-1\" id=\"slide_674\"><div class=\"splide__track\"><div class=\"splide__list\"><a href=\"https:\/\/www.campinglacolina.com\/wp-content\/uploads\/parcela-1-slide.jpg\" id=\"thumb-2400\" class=\"splide__slide image-link\" data-gallery=\"slide_674\"  alt=\" \" class=\"image-link\"><div class=\"image-wrapper\"><img loading=\"lazy\" decoding=\"async\" width=\"1536\" height=\"1026\" src=\"https:\/\/www.campinglacolina.com\/wp-content\/uploads\/parcela-1-slide-1536x1026.jpg\" class=\"attachment-gallery-large size-gallery-large\" alt=\"\" srcset=\"https:\/\/www.campinglacolina.com\/wp-content\/uploads\/\/parcela-1-slide-1536x1026.jpg 1536w, https:\/\/www.campinglacolina.com\/wp-content\/uploads\/\/parcela-1-slide-1024x684.jpg 1024w, https:\/\/www.campinglacolina.com\/wp-content\/uploads\/\/parcela-1-slide-768x513.jpg 768w, https:\/\/www.campinglacolina.com\/wp-content\/uploads\/\/parcela-1-slide-512x342.jpg 512w, https:\/\/www.campinglacolina.com\/wp-content\/uploads\/\/parcela-1-slide-256x171.jpg 256w, https:\/\/www.campinglacolina.com\/wp-content\/uploads\/\/parcela-1-slide.jpg 1660w\" sizes=\"auto, (max-width: 1536px) 100vw, 1536px\" \/><\/div><\/a><\/div><\/div><\/div><\/div>\n                    \n<\/div><\/div>\n<\/div>\n<\/div>\n\n<div class=\"wp-block-group alignfull simpleblock-container section-z-index padding-responsive is-hidden has-theme-grey-light-background-color has-background is-layout-constrained wp-block-group-is-layout-constrained\" id=\"simpleblock\" style=\"padding-top:var(--wp--preset--spacing--80);padding-bottom:var(--wp--preset--spacing--80)\">\n<h2 class=\"wp-block-heading has-text-align-center animation--init--once slide-up has-theme-blue-color has-text-color has-link-color wp-elements-61cc1358439428f547215df3729b7db9\"><mark style=\"background-color:rgba(0, 0, 0, 0)\" class=\"has-inline-color has-theme-blue-light-color\">Tilgjengelighet<\/mark> og reservasjoner<br\/><sub>Sjekk tilgjengelighetsdatoer og priser<br\/><mark style=\"background-color:rgba(0, 0, 0, 0)\" class=\"has-inline-color has-theme-blue-light-color\">for \u00e5 bestille ditt opphold online med bare noen f\u00e5 klikk!<\/mark><\/sub><\/h2>\n\n\n\n<div class=\"wp-block-group alignwide animation--init--once slide-up is-layout-constrained wp-block-group-is-layout-constrained\"><p>[tarifs_et_disponibilites]<\/p>\n<\/div>\n<\/div>\n","protected":false},"excerpt":{"rendered":"<p>BO P\u00c5 LA HILL CAMPINGV\u00e5re tomter Vi har totalt 150 tomter p\u00e5 11&#215;9 meter i v\u00e5re lokaler.hvor du skal sette opp campingvognen eller teltet.Alle tomter&#8230;<\/p>\n","protected":false},"author":2,"featured_media":0,"parent":2393,"menu_order":0,"comment_status":"closed","ping_status":"closed","template":"","meta":{"_acf_changed":false,"inline_featured_image":false,"footnotes":""},"class_list":["post-2398","page","type-page","status-publish","hentry"],"acf":[],"yoast_head":"<!-- This site is optimized with the Yoast SEO plugin v25.5 - https:\/\/yoast.com\/wordpress\/plugins\/seo\/ -->\n<title>Pakke - Camping La Colina p\u00e5 Costa Blanca, n\u00e6r Albir<\/title>\n<meta name=\"description\" content=\"Pakke - Vi har totalt 150 11x9 meter tomter i v\u00e5re lokaler hvor du kan installere din campingvogn eller telt. Alle tomtene har vann-, str\u00f8m- og avl\u00f8pstilkoblinger, samt tr\u00e5dl\u00f8s internettforbindelse.\" \/>\n<meta name=\"robots\" content=\"index, follow, max-snippet:-1, max-image-preview:large, max-video-preview:-1\" \/>\n<link rel=\"canonical\" href=\"https:\/\/www.campinglacolina.com\/no\/tomter\/pakke\/\" \/>\n<meta property=\"og:locale\" content=\"en_US\" \/>\n<meta property=\"og:type\" content=\"article\" \/>\n<meta property=\"og:title\" content=\"Pakke - Camping La Colina p\u00e5 Costa Blanca, n\u00e6r Albir\" \/>\n<meta property=\"og:description\" content=\"Pakke - Vi har totalt 150 11x9 meter tomter i v\u00e5re lokaler hvor du kan installere din campingvogn eller telt. Alle tomtene har vann-, str\u00f8m- og avl\u00f8pstilkoblinger, samt tr\u00e5dl\u00f8s internettforbindelse.\" \/>\n<meta property=\"og:url\" content=\"https:\/\/www.campinglacolina.com\/no\/tomter\/pakke\/\" \/>\n<meta property=\"og:site_name\" content=\"Camping La Colina p\u00e5 Costa Blanca, n\u00e6r Albir\" \/>\n<meta property=\"article:modified_time\" content=\"2024-10-21T08:09:09+00:00\" \/>\n<meta property=\"og:image\" content=\"https:\/\/www.campinglacolina.com\/wp-content\/uploads\/parcela1.jpg\" \/>\n<meta name=\"twitter:card\" content=\"summary_large_image\" \/>\n<meta name=\"twitter:label1\" content=\"Est. reading time\" \/>\n\t<meta name=\"twitter:data1\" content=\"1 minute\" \/>\n<script type=\"application\/ld+json\" class=\"yoast-schema-graph\">{\"@context\":\"https:\/\/schema.org\",\"@graph\":[{\"@type\":\"WebPage\",\"@id\":\"https:\/\/www.campinglacolina.com\/no\/tomter\/pakke\/\",\"url\":\"https:\/\/www.campinglacolina.com\/no\/tomter\/pakke\/\",\"name\":\"Pakke - Camping La Colina p\u00e5 Costa Blanca, n\u00e6r Albir\",\"isPartOf\":{\"@id\":\"https:\/\/www.campinglacolina.com\/no\/#website\"},\"primaryImageOfPage\":{\"@id\":\"https:\/\/www.campinglacolina.com\/no\/tomter\/pakke\/#primaryimage\"},\"image\":{\"@id\":\"https:\/\/www.campinglacolina.com\/no\/tomter\/pakke\/#primaryimage\"},\"thumbnailUrl\":\"https:\/\/www.campinglacolina.com\/wp-content\/uploads\/parcela1.jpg\",\"datePublished\":\"2024-07-15T11:52:50+00:00\",\"dateModified\":\"2024-10-21T08:09:09+00:00\",\"description\":\"Pakke - Vi har totalt 150 11x9 meter tomter i v\u00e5re lokaler hvor du kan installere din campingvogn eller telt. Alle tomtene har vann-, str\u00f8m- og avl\u00f8pstilkoblinger, samt tr\u00e5dl\u00f8s internettforbindelse.\",\"breadcrumb\":{\"@id\":\"https:\/\/www.campinglacolina.com\/no\/tomter\/pakke\/#breadcrumb\"},\"inLanguage\":\"no-NO\",\"potentialAction\":[{\"@type\":\"ReadAction\",\"target\":[\"https:\/\/www.campinglacolina.com\/no\/tomter\/pakke\/\"]}]},{\"@type\":\"ImageObject\",\"inLanguage\":\"no-NO\",\"@id\":\"https:\/\/www.campinglacolina.com\/no\/tomter\/pakke\/#primaryimage\",\"url\":\"https:\/\/www.campinglacolina.com\/wp-content\/uploads\/parcela1.jpg\",\"contentUrl\":\"https:\/\/www.campinglacolina.com\/wp-content\/uploads\/parcela1.jpg\"},{\"@type\":\"BreadcrumbList\",\"@id\":\"https:\/\/www.campinglacolina.com\/no\/tomter\/pakke\/#breadcrumb\",\"itemListElement\":[{\"@type\":\"ListItem\",\"position\":1,\"name\":\"Portada\",\"item\":\"https:\/\/www.campinglacolina.com\/no\/\"},{\"@type\":\"ListItem\",\"position\":2,\"name\":\"Tomter\",\"item\":\"https:\/\/www.campinglacolina.com\/no\/tomter\/\"},{\"@type\":\"ListItem\",\"position\":3,\"name\":\"Pakke\"}]},{\"@type\":\"WebSite\",\"@id\":\"https:\/\/www.campinglacolina.com\/no\/#website\",\"url\":\"https:\/\/www.campinglacolina.com\/no\/\",\"name\":\"Camping La Colina p\u00e5 Costa Blanca, n\u00e6r Albir\",\"description\":\"Camping La Colina, n\u00e6r stranden i Albir, kombinerer natur og komfort med romslige campingomr\u00e5der og moderne fasiliteter p\u00e5 Costa Blanca.\",\"publisher\":{\"@id\":\"https:\/\/www.campinglacolina.com\/no\/#organization\"},\"potentialAction\":[{\"@type\":\"SearchAction\",\"target\":{\"@type\":\"EntryPoint\",\"urlTemplate\":\"https:\/\/www.campinglacolina.com\/no\/?s={search_term_string}\"},\"query-input\":{\"@type\":\"PropertyValueSpecification\",\"valueRequired\":true,\"valueName\":\"search_term_string\"}}],\"inLanguage\":\"no-NO\"},{\"@type\":\"Organization\",\"@id\":\"https:\/\/www.campinglacolina.com\/no\/#organization\",\"name\":\"Camping La Colina p\u00e5 Costa Blanca, n\u00e6r Albir\",\"url\":\"https:\/\/www.campinglacolina.com\/no\/\",\"logo\":{\"@type\":\"ImageObject\",\"inLanguage\":\"no-NO\",\"@id\":\"https:\/\/www.campinglacolina.com\/no\/#\/schema\/logo\/image\/\",\"url\":\"https:\/\/www.campinglacolina.com\/wp-content\/uploads\/cropped-logo-lacolina.png\",\"contentUrl\":\"https:\/\/www.campinglacolina.com\/wp-content\/uploads\/cropped-logo-lacolina.png\",\"width\":206,\"height\":62,\"caption\":\"Camping La Colina p\u00e5 Costa Blanca, n\u00e6r Albir\"},\"image\":{\"@id\":\"https:\/\/www.campinglacolina.com\/no\/#\/schema\/logo\/image\/\"}}]}<\/script>\n<!-- \/ Yoast SEO plugin. -->","yoast_head_json":{"title":"Pakke - Camping La Colina p\u00e5 Costa Blanca, n\u00e6r Albir","description":"Pakke - Vi har totalt 150 11x9 meter tomter i v\u00e5re lokaler hvor du kan installere din campingvogn eller telt. Alle tomtene har vann-, str\u00f8m- og avl\u00f8pstilkoblinger, samt tr\u00e5dl\u00f8s internettforbindelse.","robots":{"index":"index","follow":"follow","max-snippet":"max-snippet:-1","max-image-preview":"max-image-preview:large","max-video-preview":"max-video-preview:-1"},"canonical":"https:\/\/www.campinglacolina.com\/no\/tomter\/pakke\/","og_locale":"en_US","og_type":"article","og_title":"Pakke - Camping La Colina p\u00e5 Costa Blanca, n\u00e6r Albir","og_description":"Pakke - Vi har totalt 150 11x9 meter tomter i v\u00e5re lokaler hvor du kan installere din campingvogn eller telt. Alle tomtene har vann-, str\u00f8m- og avl\u00f8pstilkoblinger, samt tr\u00e5dl\u00f8s internettforbindelse.","og_url":"https:\/\/www.campinglacolina.com\/no\/tomter\/pakke\/","og_site_name":"Camping La Colina p\u00e5 Costa Blanca, n\u00e6r Albir","article_modified_time":"2024-10-21T08:09:09+00:00","og_image":[{"url":"https:\/\/www.campinglacolina.com\/wp-content\/uploads\/parcela1.jpg","type":"","width":"","height":""}],"twitter_card":"summary_large_image","twitter_misc":{"Est. reading time":"1 minute"},"schema":{"@context":"https:\/\/schema.org","@graph":[{"@type":"WebPage","@id":"https:\/\/www.campinglacolina.com\/no\/tomter\/pakke\/","url":"https:\/\/www.campinglacolina.com\/no\/tomter\/pakke\/","name":"Pakke - Camping La Colina p\u00e5 Costa Blanca, n\u00e6r Albir","isPartOf":{"@id":"https:\/\/www.campinglacolina.com\/no\/#website"},"primaryImageOfPage":{"@id":"https:\/\/www.campinglacolina.com\/no\/tomter\/pakke\/#primaryimage"},"image":{"@id":"https:\/\/www.campinglacolina.com\/no\/tomter\/pakke\/#primaryimage"},"thumbnailUrl":"https:\/\/www.campinglacolina.com\/wp-content\/uploads\/parcela1.jpg","datePublished":"2024-07-15T11:52:50+00:00","dateModified":"2024-10-21T08:09:09+00:00","description":"Pakke - Vi har totalt 150 11x9 meter tomter i v\u00e5re lokaler hvor du kan installere din campingvogn eller telt. Alle tomtene har vann-, str\u00f8m- og avl\u00f8pstilkoblinger, samt tr\u00e5dl\u00f8s internettforbindelse.","breadcrumb":{"@id":"https:\/\/www.campinglacolina.com\/no\/tomter\/pakke\/#breadcrumb"},"inLanguage":"no-NO","potentialAction":[{"@type":"ReadAction","target":["https:\/\/www.campinglacolina.com\/no\/tomter\/pakke\/"]}]},{"@type":"ImageObject","inLanguage":"no-NO","@id":"https:\/\/www.campinglacolina.com\/no\/tomter\/pakke\/#primaryimage","url":"https:\/\/www.campinglacolina.com\/wp-content\/uploads\/parcela1.jpg","contentUrl":"https:\/\/www.campinglacolina.com\/wp-content\/uploads\/parcela1.jpg"},{"@type":"BreadcrumbList","@id":"https:\/\/www.campinglacolina.com\/no\/tomter\/pakke\/#breadcrumb","itemListElement":[{"@type":"ListItem","position":1,"name":"Portada","item":"https:\/\/www.campinglacolina.com\/no\/"},{"@type":"ListItem","position":2,"name":"Tomter","item":"https:\/\/www.campinglacolina.com\/no\/tomter\/"},{"@type":"ListItem","position":3,"name":"Pakke"}]},{"@type":"WebSite","@id":"https:\/\/www.campinglacolina.com\/no\/#website","url":"https:\/\/www.campinglacolina.com\/no\/","name":"Camping La Colina p\u00e5 Costa Blanca, n\u00e6r Albir","description":"Camping La Colina, n\u00e6r stranden i Albir, kombinerer natur og komfort med romslige campingomr\u00e5der og moderne fasiliteter p\u00e5 Costa Blanca.","publisher":{"@id":"https:\/\/www.campinglacolina.com\/no\/#organization"},"potentialAction":[{"@type":"SearchAction","target":{"@type":"EntryPoint","urlTemplate":"https:\/\/www.campinglacolina.com\/no\/?s={search_term_string}"},"query-input":{"@type":"PropertyValueSpecification","valueRequired":true,"valueName":"search_term_string"}}],"inLanguage":"no-NO"},{"@type":"Organization","@id":"https:\/\/www.campinglacolina.com\/no\/#organization","name":"Camping La Colina p\u00e5 Costa Blanca, n\u00e6r Albir","url":"https:\/\/www.campinglacolina.com\/no\/","logo":{"@type":"ImageObject","inLanguage":"no-NO","@id":"https:\/\/www.campinglacolina.com\/no\/#\/schema\/logo\/image\/","url":"https:\/\/www.campinglacolina.com\/wp-content\/uploads\/cropped-logo-lacolina.png","contentUrl":"https:\/\/www.campinglacolina.com\/wp-content\/uploads\/cropped-logo-lacolina.png","width":206,"height":62,"caption":"Camping La Colina p\u00e5 Costa Blanca, n\u00e6r Albir"},"image":{"@id":"https:\/\/www.campinglacolina.com\/no\/#\/schema\/logo\/image\/"}}]}},"_links":{"self":[{"href":"https:\/\/www.campinglacolina.com\/no\/wp-json\/wp\/v2\/pages\/2398","targetHints":{"allow":["GET"]}}],"collection":[{"href":"https:\/\/www.campinglacolina.com\/no\/wp-json\/wp\/v2\/pages"}],"about":[{"href":"https:\/\/www.campinglacolina.com\/no\/wp-json\/wp\/v2\/types\/page"}],"author":[{"embeddable":true,"href":"https:\/\/www.campinglacolina.com\/no\/wp-json\/wp\/v2\/users\/2"}],"replies":[{"embeddable":true,"href":"https:\/\/www.campinglacolina.com\/no\/wp-json\/wp\/v2\/comments?post=2398"}],"version-history":[{"count":2,"href":"https:\/\/www.campinglacolina.com\/no\/wp-json\/wp\/v2\/pages\/2398\/revisions"}],"predecessor-version":[{"id":2525,"href":"https:\/\/www.campinglacolina.com\/no\/wp-json\/wp\/v2\/pages\/2398\/revisions\/2525"}],"up":[{"embeddable":true,"href":"https:\/\/www.campinglacolina.com\/no\/wp-json\/wp\/v2\/pages\/2393"}],"wp:attachment":[{"href":"https:\/\/www.campinglacolina.com\/no\/wp-json\/wp\/v2\/media?parent=2398"}],"curies":[{"name":"wp","href":"https:\/\/api.w.org\/{rel}","templated":true}]}}