{"id":2324,"date":"2022-10-10T15:48:01","date_gmt":"2022-10-10T13:48:01","guid":{"rendered":"https:\/\/www.campinglacolina.com\/camping-la-colina\/"},"modified":"2024-10-21T10:24:01","modified_gmt":"2024-10-21T08:24:01","slug":"camping-la-colina","status":"publish","type":"page","link":"https:\/\/www.campinglacolina.com\/no\/","title":{"rendered":"Camping La Colina"},"content":{"rendered":"\n<div class=\"wp-block-group alignfull banner-video padding-responsive is-layout-flow wp-block-group-is-layout-flow\" style=\"margin-top:0;margin-bottom:0;padding-top:0;padding-right:0;padding-bottom:0;padding-left:0\">\n<figure class=\"wp-block-video video-intro\"><video autoplay=\"\" loop=\"\" muted=\"\" src=\"https:\/\/www.campinglacolina.com\/wp-content\/uploads\/video\/camping_la_colina.mp4\" playsinline=\"\"><\/video><\/figure>\n\n\n\n<div class=\"wp-block-cover alignfull has-parallax image-intro\" style=\"margin-top:0;margin-bottom:0;min-height:50vh;aspect-ratio:unset;\"><span aria-hidden=\"true\" class=\"wp-block-cover__background has-background-dim-30 has-background-dim\"><\/span><div role=\"img\" class=\"wp-block-cover__image-background wp-image-1556 has-parallax\" style=\"background-position:50% 50%;background-image:url(https:\/\/www.campinglacolina.com\/wp-content\/uploads\/dji-0593.jpg)\"><\/div><div class=\"wp-block-cover__inner-container is-layout-constrained wp-block-cover-is-layout-constrained\">\n<div class=\"wp-block-group is-layout-constrained wp-block-group-is-layout-constrained\">\n<h1 class=\"wp-block-heading has-text-align-left has-theme-white-color has-text-color has-link-color has-large-font-size wp-elements-c1e0a5c6113dc6e038a49612598dc56d\">Velkomst<br\/>til campingplassen<br\/>Bakken<\/h1>\n<\/div>\n<\/div><\/div>\n\n\n\n\n\n<div class=\"wp-block-group banner-title-container is-layout-constrained wp-block-group-is-layout-constrained\">\n<div class=\"wp-block-group alignwide banner-title-content is-layout-flow wp-block-group-is-layout-flow\">\n<h1 class=\"wp-block-heading animation--init--once slide-up has-theme-white-color has-text-color has-link-color wp-elements-b8c92bd709ae59e2e1d1dbb3d4140473\">Velkomst<br\/>til campingplassen<br\/>Bakken<\/h1>\n\n\n\n<p>en av de mest enklaver<br\/>privilegerte mennesker p\u00e5 Costa Blanca<\/p>\n<\/div>\n<\/div>\n\n\n\n<div class=\"wp-block-group motor-reservas interior animation--init--once fade-in delay-5 is-layout-constrained wp-block-group-is-layout-constrained\"><p>[moteur_thelis]<\/p>\n<\/div>\n<\/div>\n\n<div class=\"wp-block-group alignfull intro-home section-z-index padding-responsive is-layout-constrained wp-block-group-is-layout-constrained\" style=\"margin-top:0;margin-bottom:0;padding-top:var(--wp--preset--spacing--80);padding-bottom:var(--wp--preset--spacing--80)\">\n<div class=\"wp-block-columns alignwide is-layout-flex wp-container-core-columns-is-layout-28f84493 wp-block-columns-is-layout-flex\">\n<div class=\"wp-block-column col-1 is-layout-flow wp-block-column-is-layout-flow\">\n<h2 class=\"wp-block-heading animation--init--once slide-up has-theme-blue-color has-text-color has-link-color wp-elements-8101fbef345d972d9471a92269798daa\"><sup><mark style=\"background-color:rgba(0, 0, 0, 0)\" class=\"has-inline-color has-theme-blue-light-color\">CAMPING LA COLINA<\/mark><\/sup><br\/>Velkomst<br\/><mark style=\"background-color:rgba(0, 0, 0, 0)\" class=\"has-inline-color has-theme-blue-light-color\">Til<\/mark> Costa Blanca<\/h2>\n\n\n\n<p class=\"animation--init--once slide-up\">Ligger n\u00e6r Albir-stranden, en av de mest privilegerte enklavene p\u00e5 Costa Blanca, tilbyr Camping La Colina sine kunder en stor plass hvor de kan sl\u00e5 leir eller parkere campingvognen sin, og kombinerer p\u00e5 den ene siden kontakt med naturen og p\u00e5 den andre komforten av sine moderne fasiliteter.<\/p>\n\n\n\n<p class=\"animation--init--once slide-up\">P\u00e5 grunn av sin beliggenhet, i et gr\u00f8nt omr\u00e5de bare noen f\u00e5 minutter fra stranden, er campingplassen v\u00e5r perfekt for \u00e5 nyte noen dager med ro, men gitt omr\u00e5dets turistnatur vil du ogs\u00e5 finne en rekke aktiviteter for alle medlemmer av familien: fotturer, sykkelturer, dykking, b\u00e5tturer, kulturelle aktiviteter, shopping og mye mer.<\/p>\n\n\n\n<div class=\"wp-block-group imgs-intro-home is-content-justification-left is-nowrap is-layout-flex wp-container-core-group-is-layout-5c6e80d1 wp-block-group-is-layout-flex\" style=\"padding-top:var(--wp--preset--spacing--50)\">\n<figure class=\"wp-block-image size-full is-resized has-custom-border img-1 animation--init--once slide-up\"><img loading=\"lazy\" decoding=\"async\" width=\"1660\" height=\"1109\" src=\"https:\/\/www.campinglacolina.com\/wp-content\/uploads\/lavabo.jpg\" alt=\"\" class=\"wp-image-964\" style=\"border-radius:10px;object-fit:cover;width:150px;height:150px\" srcset=\"https:\/\/www.campinglacolina.com\/wp-content\/uploads\/\/lavabo.jpg 1660w, https:\/\/www.campinglacolina.com\/wp-content\/uploads\/\/lavabo-1024x684.jpg 1024w, https:\/\/www.campinglacolina.com\/wp-content\/uploads\/\/lavabo-768x513.jpg 768w, https:\/\/www.campinglacolina.com\/wp-content\/uploads\/\/lavabo-1536x1026.jpg 1536w, https:\/\/www.campinglacolina.com\/wp-content\/uploads\/\/lavabo-512x342.jpg 512w, https:\/\/www.campinglacolina.com\/wp-content\/uploads\/\/lavabo-256x171.jpg 256w\" sizes=\"auto, (max-width: 1660px) 100vw, 1660px\" \/><\/figure>\n\n\n\n<figure class=\"wp-block-image size-full is-resized has-custom-border img-2 animation--init--once slide-left\"><img loading=\"lazy\" decoding=\"async\" width=\"1440\" height=\"962\" src=\"https:\/\/www.campinglacolina.com\/wp-content\/uploads\/thumbnail-dsc07055.jpg\" alt=\"\" class=\"wp-image-1956\" style=\"border-radius:10px;object-fit:cover;width:150px;height:150px\" srcset=\"https:\/\/www.campinglacolina.com\/wp-content\/uploads\/\/thumbnail-dsc07055.jpg 1440w, https:\/\/www.campinglacolina.com\/wp-content\/uploads\/\/thumbnail-dsc07055-1024x684.jpg 1024w, https:\/\/www.campinglacolina.com\/wp-content\/uploads\/\/thumbnail-dsc07055-768x513.jpg 768w, https:\/\/www.campinglacolina.com\/wp-content\/uploads\/\/thumbnail-dsc07055-512x342.jpg 512w, https:\/\/www.campinglacolina.com\/wp-content\/uploads\/\/thumbnail-dsc07055-256x171.jpg 256w\" sizes=\"auto, (max-width: 1440px) 100vw, 1440px\" \/><\/figure>\n\n\n\n<figure class=\"wp-block-image size-full is-resized has-custom-border img-1 animation--init--once slide-up\"><img loading=\"lazy\" decoding=\"async\" width=\"1660\" height=\"1245\" src=\"https:\/\/www.campinglacolina.com\/wp-content\/uploads\/piscina-1.jpg\" alt=\"\" class=\"wp-image-1589\" style=\"border-radius:10px;object-fit:cover;width:150px;height:150px\" srcset=\"https:\/\/www.campinglacolina.com\/wp-content\/uploads\/\/piscina-1.jpg 1660w, https:\/\/www.campinglacolina.com\/wp-content\/uploads\/\/piscina-1-1024x768.jpg 1024w, https:\/\/www.campinglacolina.com\/wp-content\/uploads\/\/piscina-1-768x576.jpg 768w, https:\/\/www.campinglacolina.com\/wp-content\/uploads\/\/piscina-1-1536x1152.jpg 1536w, https:\/\/www.campinglacolina.com\/wp-content\/uploads\/\/piscina-1-512x384.jpg 512w, https:\/\/www.campinglacolina.com\/wp-content\/uploads\/\/piscina-1-256x192.jpg 256w\" sizes=\"auto, (max-width: 1660px) 100vw, 1660px\" \/><\/figure>\n<\/div>\n<\/div>\n\n\n\n<div class=\"wp-block-column is-layout-flow wp-block-column-is-layout-flow\">\n<div class=\"wp-image-slider galeria-1 has-text-align-left aspect-ratio-1_1\">\n\n                                        \n                    <script>\n                        'use strict';\n\n                        document.addEventListener('DOMContentLoaded', function () {\n\n                            (function() {\n                                const blockSlide = new Splide( '#slide_628', {\n                                    type : 'loop',\n                                    perPage: 1,\n                                                                        \n                                    breakpoints: {\n                                        800: {\n                                            perPage: 1,\n                                                                                    },\n                                        450: {\n                                            perPage: 1,\n                                            \n                                        },\n                                    },\n                                    pagination: false,\n                                    arrows: true,\n                                    gap: 'var(--wp--style--block-gap)',\n                                    i18n: {\n                                        slideLabel: '%s\/%s',\n                                    }\n                                } );\n                                \n\n                                \n                                blockSlide.mount();\n\n                                                                \n                                \n                            })();\n                        })\n                    <\/script>\n\n                    <div class=\"slider-container\"><div class=\"splide galeria-slider galeria-columnas-1\" id=\"slide_628\"><div class=\"splide__track\"><div class=\"splide__list\"><a href=\"https:\/\/www.campinglacolina.com\/wp-content\/uploads\/piscina.jpg\" id=\"thumb-2325\" class=\"splide__slide image-link\" data-gallery=\"slide_628\"  alt=\" \" class=\"image-link\"><div class=\"image-wrapper\"><img loading=\"lazy\" decoding=\"async\" width=\"1536\" height=\"1026\" src=\"https:\/\/www.campinglacolina.com\/wp-content\/uploads\/piscina-1536x1026.jpg\" class=\"attachment-gallery-large size-gallery-large\" alt=\"\" srcset=\"https:\/\/www.campinglacolina.com\/wp-content\/uploads\/\/piscina-1536x1026.jpg 1536w, https:\/\/www.campinglacolina.com\/wp-content\/uploads\/\/piscina-1024x684.jpg 1024w, https:\/\/www.campinglacolina.com\/wp-content\/uploads\/\/piscina-768x513.jpg 768w, https:\/\/www.campinglacolina.com\/wp-content\/uploads\/\/piscina-512x342.jpg 512w, https:\/\/www.campinglacolina.com\/wp-content\/uploads\/\/piscina-256x171.jpg 256w, https:\/\/www.campinglacolina.com\/wp-content\/uploads\/\/piscina.jpg 1660w\" sizes=\"auto, (max-width: 1536px) 100vw, 1536px\" \/><\/div><\/a><a href=\"https:\/\/www.campinglacolina.com\/wp-content\/uploads\/dji-0593.jpg\" id=\"thumb-2349\" class=\"splide__slide image-link\" data-gallery=\"slide_628\"  alt=\" \" class=\"image-link\"><div class=\"image-wrapper\"><img loading=\"lazy\" decoding=\"async\" width=\"1536\" height=\"1152\" src=\"https:\/\/www.campinglacolina.com\/wp-content\/uploads\/dji-0593-1536x1152.jpg\" class=\"attachment-gallery-large size-gallery-large\" alt=\"\" srcset=\"https:\/\/www.campinglacolina.com\/wp-content\/uploads\/\/dji-0593-1536x1152.jpg 1536w, https:\/\/www.campinglacolina.com\/wp-content\/uploads\/\/dji-0593-1024x768.jpg 1024w, https:\/\/www.campinglacolina.com\/wp-content\/uploads\/\/dji-0593-768x576.jpg 768w, https:\/\/www.campinglacolina.com\/wp-content\/uploads\/\/dji-0593-512x384.jpg 512w, https:\/\/www.campinglacolina.com\/wp-content\/uploads\/\/dji-0593-256x192.jpg 256w, https:\/\/www.campinglacolina.com\/wp-content\/uploads\/\/dji-0593.jpg 1660w\" sizes=\"auto, (max-width: 1536px) 100vw, 1536px\" \/><\/div><\/a><a href=\"https:\/\/www.campinglacolina.com\/wp-content\/uploads\/dji-0520.jpg\" id=\"thumb-2348\" class=\"splide__slide image-link\" data-gallery=\"slide_628\"  alt=\" \" class=\"image-link\"><div class=\"image-wrapper\"><img loading=\"lazy\" decoding=\"async\" width=\"1536\" height=\"864\" src=\"https:\/\/www.campinglacolina.com\/wp-content\/uploads\/dji-0520-1536x864.jpg\" class=\"attachment-gallery-large size-gallery-large\" alt=\"\" srcset=\"https:\/\/www.campinglacolina.com\/wp-content\/uploads\/\/dji-0520-1536x864.jpg 1536w, https:\/\/www.campinglacolina.com\/wp-content\/uploads\/\/dji-0520-1024x576.jpg 1024w, https:\/\/www.campinglacolina.com\/wp-content\/uploads\/\/dji-0520-768x432.jpg 768w, https:\/\/www.campinglacolina.com\/wp-content\/uploads\/\/dji-0520-512x288.jpg 512w, https:\/\/www.campinglacolina.com\/wp-content\/uploads\/\/dji-0520-256x144.jpg 256w, https:\/\/www.campinglacolina.com\/wp-content\/uploads\/\/dji-0520.jpg 1920w\" sizes=\"auto, (max-width: 1536px) 100vw, 1536px\" \/><\/div><\/a><a href=\"https:\/\/www.campinglacolina.com\/wp-content\/uploads\/dji-0633.jpg\" id=\"thumb-2350\" class=\"splide__slide image-link\" data-gallery=\"slide_628\"  alt=\" \" class=\"image-link\"><div class=\"image-wrapper\"><img loading=\"lazy\" decoding=\"async\" width=\"1536\" height=\"1152\" src=\"https:\/\/www.campinglacolina.com\/wp-content\/uploads\/dji-0633-1536x1152.jpg\" class=\"attachment-gallery-large size-gallery-large\" alt=\"\" srcset=\"https:\/\/www.campinglacolina.com\/wp-content\/uploads\/\/dji-0633-1536x1152.jpg 1536w, https:\/\/www.campinglacolina.com\/wp-content\/uploads\/\/dji-0633-1024x768.jpg 1024w, https:\/\/www.campinglacolina.com\/wp-content\/uploads\/\/dji-0633-768x576.jpg 768w, https:\/\/www.campinglacolina.com\/wp-content\/uploads\/\/dji-0633-512x384.jpg 512w, https:\/\/www.campinglacolina.com\/wp-content\/uploads\/\/dji-0633-256x192.jpg 256w, https:\/\/www.campinglacolina.com\/wp-content\/uploads\/\/dji-0633.jpg 1660w\" sizes=\"auto, (max-width: 1536px) 100vw, 1536px\" \/><\/div><\/a><a href=\"https:\/\/www.campinglacolina.com\/wp-content\/uploads\/dsc06935.jpg\" id=\"thumb-2351\" class=\"splide__slide image-link\" data-gallery=\"slide_628\"  alt=\" \" class=\"image-link\"><div class=\"image-wrapper\"><img loading=\"lazy\" decoding=\"async\" width=\"1536\" height=\"1026\" src=\"https:\/\/www.campinglacolina.com\/wp-content\/uploads\/dsc06935-1536x1026.jpg\" class=\"attachment-gallery-large size-gallery-large\" alt=\"\" srcset=\"https:\/\/www.campinglacolina.com\/wp-content\/uploads\/\/dsc06935-1536x1026.jpg 1536w, https:\/\/www.campinglacolina.com\/wp-content\/uploads\/\/dsc06935-1024x684.jpg 1024w, https:\/\/www.campinglacolina.com\/wp-content\/uploads\/\/dsc06935-768x513.jpg 768w, https:\/\/www.campinglacolina.com\/wp-content\/uploads\/\/dsc06935-512x342.jpg 512w, https:\/\/www.campinglacolina.com\/wp-content\/uploads\/\/dsc06935-256x171.jpg 256w, https:\/\/www.campinglacolina.com\/wp-content\/uploads\/\/dsc06935.jpg 1660w\" sizes=\"auto, (max-width: 1536px) 100vw, 1536px\" \/><\/div><\/a><\/div><\/div><\/div><\/div>\n                    \n<\/div><\/div>\n<\/div>\n<\/div>\n\n<div class=\"wp-block-group alignfull instalaciones-home section-z-index padding-responsive is-layout-constrained wp-block-group-is-layout-constrained\" style=\"margin-top:0;margin-bottom:0;padding-top:0;padding-bottom:var(--wp--preset--spacing--80)\">\n<figure class=\"wp-block-image aligncenter size-large\"><img loading=\"lazy\" decoding=\"async\" width=\"2\" height=\"151\" src=\"https:\/\/www.campinglacolina.com\/wp-content\/uploads\/separador-vertical.svg\" alt=\"\" class=\"wp-image-968\"\/><\/figure>\n\n\n\n<h2 class=\"wp-block-heading has-text-align-center animation--init--once slide-up one-line has-theme-blue-color has-text-color has-link-color wp-elements-9f14f8669bbd179eb5128e6ce2e8929c\" style=\"margin-top:var(--wp--preset--spacing--70);margin-bottom:var(--wp--preset--spacing--70)\"><mark style=\"background-color:rgba(0, 0, 0, 0)\" class=\"has-inline-color has-theme-blue-light-color\">V\u00e5re<\/mark> tomter<br\/><sub>Vi har 2 typer tomter <mark style=\"background-color:rgba(0, 0, 0, 0)\" class=\"has-inline-color has-theme-blue-light-color\">etter ditt behov<\/mark><\/sub><\/h2>\n\n\n\n<div class=\"wp-block-columns alignwide parcelas-home alojamientos-modules is-layout-flex wp-container-core-columns-is-layout-28f84493 wp-block-columns-is-layout-flex\">\n<div class=\"wp-block-column is-layout-flow wp-block-column-is-layout-flow\">\n<div class=\"wp-block-cover is-light has-custom-content-position is-position-bottom-center\" style=\"border-radius:10px\"><span aria-hidden=\"true\" class=\"wp-block-cover__background has-background-dim-0 has-background-dim\"><\/span><img loading=\"lazy\" decoding=\"async\" width=\"1660\" height=\"1109\" class=\"wp-block-cover__image-background wp-image-970\" alt=\"\" src=\"https:\/\/www.campinglacolina.com\/wp-content\/uploads\/parcela1.jpg\" data-object-fit=\"cover\" srcset=\"https:\/\/www.campinglacolina.com\/wp-content\/uploads\/\/parcela1.jpg 1660w, https:\/\/www.campinglacolina.com\/wp-content\/uploads\/\/parcela1-1024x684.jpg 1024w, https:\/\/www.campinglacolina.com\/wp-content\/uploads\/\/parcela1-768x513.jpg 768w, https:\/\/www.campinglacolina.com\/wp-content\/uploads\/\/parcela1-1536x1026.jpg 1536w, https:\/\/www.campinglacolina.com\/wp-content\/uploads\/\/parcela1-512x342.jpg 512w, https:\/\/www.campinglacolina.com\/wp-content\/uploads\/\/parcela1-256x171.jpg 256w\" sizes=\"auto, (max-width: 1660px) 100vw, 1660px\" \/><div class=\"wp-block-cover__inner-container is-layout-constrained wp-container-core-cover-is-layout-ce672d8e wp-block-cover-is-layout-constrained\">\n<h3 class=\"wp-block-heading has-text-align-center animation--init--once slide-up has-theme-white-color has-text-color has-link-color has-large-font-size wp-elements-726ad05330c56bc9f876d8aa98086991\">Pakke<\/h3>\n\n\n\n<div class=\"wp-block-group animation--init--once pop-up delay-1 is-content-justification-center is-nowrap is-layout-flex wp-container-core-group-is-layout-23441af8 wp-block-group-is-layout-flex\">\n<div class=\"wp-block-group is-nowrap is-layout-flex wp-container-core-group-is-layout-6c531013 wp-block-group-is-layout-flex\">\n<figure class=\"wp-block-image size-large\"><img loading=\"lazy\" decoding=\"async\" width=\"21\" height=\"21\" src=\"https:\/\/www.campinglacolina.com\/wp-content\/uploads\/marco-1.svg\" alt=\"\" class=\"wp-image-985\"\/><\/figure>\n\n\n\n<p class=\"has-theme-white-color has-text-color has-link-color wp-elements-c70ffa984a1e08ae5f9c0cc7e5ff11de\">90m2<\/p>\n<\/div>\n\n\n\n<div class=\"wp-block-group is-nowrap is-layout-flex wp-container-core-group-is-layout-6c531013 wp-block-group-is-layout-flex\">\n<figure class=\"wp-block-image size-large\"><img loading=\"lazy\" decoding=\"async\" width=\"21\" height=\"21\" src=\"https:\/\/www.campinglacolina.com\/wp-content\/uploads\/coche-1.svg\" alt=\"\" class=\"wp-image-990\"\/><\/figure>\n\n\n\n<p class=\"has-theme-white-color has-text-color has-link-color wp-elements-7bf5e649a68b861af2f031cb29727d89\">x1<\/p>\n<\/div>\n\n\n\n<figure class=\"wp-block-image size-large\"><img loading=\"lazy\" decoding=\"async\" width=\"21\" height=\"21\" src=\"https:\/\/www.campinglacolina.com\/wp-content\/uploads\/ducha-1.svg\" alt=\"\" class=\"wp-image-991\"\/><\/figure>\n\n\n\n<figure class=\"wp-block-image size-large\"><img loading=\"lazy\" decoding=\"async\" width=\"21\" height=\"21\" src=\"https:\/\/www.campinglacolina.com\/wp-content\/uploads\/grifo-1.svg\" alt=\"\" class=\"wp-image-992\"\/><\/figure>\n\n\n\n<figure class=\"wp-block-image size-large\"><img loading=\"lazy\" decoding=\"async\" width=\"21\" height=\"21\" src=\"https:\/\/www.campinglacolina.com\/wp-content\/uploads\/cable-de-enchufe-1.svg\" alt=\"\" class=\"wp-image-993\"\/><\/figure>\n<\/div>\n\n\n\n<div class=\"wp-block-buttons is-content-justification-center is-layout-flex wp-container-core-buttons-is-layout-a89b3969 wp-block-buttons-is-layout-flex\">\n<div class=\"wp-block-button\"><a class=\"wp-block-button__link has-theme-blue-light-background-color has-background wp-element-button\" href=\"https:\/\/www.campinglacolina.com\/parcelas\/parcela\/\" style=\"border-radius:50px\">Oppdage<\/a><\/div>\n<\/div>\n<\/div><\/div>\n<\/div>\n\n\n\n<div class=\"wp-block-column is-layout-flow wp-block-column-is-layout-flow\">\n<div class=\"wp-block-cover is-light has-custom-content-position is-position-bottom-center\" style=\"border-radius:10px\"><span aria-hidden=\"true\" class=\"wp-block-cover__background has-background-dim-0 has-background-dim\"><\/span><img loading=\"lazy\" decoding=\"async\" width=\"1660\" height=\"1109\" class=\"wp-block-cover__image-background wp-image-971\" alt=\"\" src=\"https:\/\/www.campinglacolina.com\/wp-content\/uploads\/parcela2.jpg\" data-object-fit=\"cover\" srcset=\"https:\/\/www.campinglacolina.com\/wp-content\/uploads\/\/parcela2.jpg 1660w, https:\/\/www.campinglacolina.com\/wp-content\/uploads\/\/parcela2-1024x684.jpg 1024w, https:\/\/www.campinglacolina.com\/wp-content\/uploads\/\/parcela2-768x513.jpg 768w, https:\/\/www.campinglacolina.com\/wp-content\/uploads\/\/parcela2-1536x1026.jpg 1536w, https:\/\/www.campinglacolina.com\/wp-content\/uploads\/\/parcela2-512x342.jpg 512w, https:\/\/www.campinglacolina.com\/wp-content\/uploads\/\/parcela2-256x171.jpg 256w\" sizes=\"auto, (max-width: 1660px) 100vw, 1660px\" \/><div class=\"wp-block-cover__inner-container is-layout-constrained wp-container-core-cover-is-layout-ce672d8e wp-block-cover-is-layout-constrained\">\n<h3 class=\"wp-block-heading has-text-align-center animation--init--once slide-up has-theme-white-color has-text-color has-link-color has-large-font-size wp-elements-6e39d904ec78dc07a7165ceafb6fe01a\">Premium tomt<\/h3>\n\n\n\n<div class=\"wp-block-group animation--init--once pop-up delay-2 is-content-justification-center is-nowrap is-layout-flex wp-container-core-group-is-layout-23441af8 wp-block-group-is-layout-flex\">\n<div class=\"wp-block-group is-nowrap is-layout-flex wp-container-core-group-is-layout-6c531013 wp-block-group-is-layout-flex\">\n<figure class=\"wp-block-image size-large\"><img loading=\"lazy\" decoding=\"async\" width=\"21\" height=\"21\" src=\"https:\/\/www.campinglacolina.com\/wp-content\/uploads\/marco-1.svg\" alt=\"\" class=\"wp-image-985\"\/><\/figure>\n\n\n\n<p class=\"has-theme-white-color has-text-color has-link-color wp-elements-2322a8c1b4268f8d03fb8a14cc1d9e71\">120m2<\/p>\n<\/div>\n\n\n\n<div class=\"wp-block-group is-nowrap is-layout-flex wp-container-core-group-is-layout-6c531013 wp-block-group-is-layout-flex\">\n<figure class=\"wp-block-image size-large\"><img loading=\"lazy\" decoding=\"async\" width=\"21\" height=\"21\" src=\"https:\/\/www.campinglacolina.com\/wp-content\/uploads\/coche-1.svg\" alt=\"\" class=\"wp-image-990\"\/><\/figure>\n\n\n\n<p class=\"has-theme-white-color has-text-color has-link-color wp-elements-7bf5e649a68b861af2f031cb29727d89\">x1<\/p>\n<\/div>\n\n\n\n<div class=\"wp-block-group is-nowrap is-layout-flex wp-container-core-group-is-layout-6c531013 wp-block-group-is-layout-flex\">\n<figure class=\"wp-block-image size-large\"><img loading=\"lazy\" decoding=\"async\" width=\"21\" height=\"21\" src=\"https:\/\/www.campinglacolina.com\/wp-content\/uploads\/caravana-1.svg\" alt=\"\" class=\"wp-image-997\"\/><\/figure>\n\n\n\n<p class=\"has-theme-white-color has-text-color has-link-color wp-elements-7bf5e649a68b861af2f031cb29727d89\">x1<\/p>\n<\/div>\n\n\n\n<figure class=\"wp-block-image size-large\"><img loading=\"lazy\" decoding=\"async\" width=\"21\" height=\"21\" src=\"https:\/\/www.campinglacolina.com\/wp-content\/uploads\/ducha-1.svg\" alt=\"\" class=\"wp-image-991\"\/><\/figure>\n\n\n\n<figure class=\"wp-block-image size-large\"><img loading=\"lazy\" decoding=\"async\" width=\"21\" height=\"21\" src=\"https:\/\/www.campinglacolina.com\/wp-content\/uploads\/grifo-1.svg\" alt=\"\" class=\"wp-image-992\"\/><\/figure>\n\n\n\n<figure class=\"wp-block-image size-large\"><img loading=\"lazy\" decoding=\"async\" width=\"21\" height=\"21\" src=\"https:\/\/www.campinglacolina.com\/wp-content\/uploads\/cable-de-enchufe-1.svg\" alt=\"\" class=\"wp-image-993\"\/><\/figure>\n<\/div>\n\n\n\n<div class=\"wp-block-buttons is-content-justification-center is-layout-flex wp-container-core-buttons-is-layout-a89b3969 wp-block-buttons-is-layout-flex\">\n<div class=\"wp-block-button\"><a class=\"wp-block-button__link has-theme-blue-light-background-color has-background wp-element-button\" href=\"https:\/\/www.campinglacolina.com\/parcelas\/parcelas-premium\/\" style=\"border-radius:50px\">Oppdage<\/a><\/div>\n<\/div>\n<\/div><\/div>\n<\/div>\n<\/div>\n<\/div>\n\n<div class=\"wp-block-group alignfull instalaciones-servicios-home-container is-layout-flow wp-block-group-is-layout-flow\">\n<div class=\"wp-block-cover alignfull is-light has-parallax\" style=\"margin-top:0;margin-bottom:0;min-height:70vh;aspect-ratio:unset;\"><span aria-hidden=\"true\" class=\"wp-block-cover__background has-background-dim-0 has-background-dim\"><\/span><div role=\"img\" class=\"wp-block-cover__image-background wp-image-1002 has-parallax\" style=\"background-position:50% 50%;background-image:url(https:\/\/www.campinglacolina.com\/wp-content\/uploads\/top-image-camping.jpg)\"><\/div><div class=\"wp-block-cover__inner-container is-layout-constrained wp-block-cover-is-layout-constrained\">\n<p class=\"has-text-align-center has-large-font-size\"><\/p>\n<\/div><\/div>\n\n\n\n<div class=\"wp-block-group instalaciones-servicios-home section-z-index padding-responsive is-layout-flow wp-block-group-is-layout-flow\" style=\"margin-top:0;margin-bottom:0\">\n<div class=\"wp-block-group alignwide has-theme-blue-background-color has-background is-layout-constrained wp-block-group-is-layout-constrained\" style=\"border-radius:20px;padding-top:var(--wp--preset--spacing--70);padding-bottom:var(--wp--preset--spacing--70)\">\n<h2 class=\"wp-block-heading alignwide has-text-align-center animation--init--once slide-up one-line has-theme-blue-light-color has-text-color has-link-color wp-elements-fda6c437bc694e5d9eef8157d8aa2ad3\" style=\"margin-bottom:var(--wp--preset--spacing--80)\">Fasiliteter<mark style=\"background-color:rgba(0, 0, 0, 0)\" class=\"has-inline-color has-theme-white-color\"> og tjenester<\/mark><br\/><mark style=\"background-color:rgba(0, 0, 0, 0)\" class=\"has-inline-color has-theme-white-color\">Nyt ferien med <sub>alle bekvemmeligheter<\/sub><\/mark><br\/><\/h2>\n\n\n        <div class=\"wp-block-custom-grid has-text-align-center has-custom-margin block-grid-responsive\" style=\"margin-top:var:preset|spacing|80; --wp--style--block-desktop-column:4;--wp--style--block-tablet-column:2;--wp--style--block-mobile-column:2;\">\n\n                <div class=\"acf-innerblocks-container\">\n\n<div class=\"wp-block-group animation--init--once pop-up delay-1 is-layout-constrained wp-block-group-is-layout-constrained\">\n<figure class=\"wp-block-image aligncenter size-large\"><img loading=\"lazy\" decoding=\"async\" width=\"50\" height=\"51\" src=\"https:\/\/www.campinglacolina.com\/wp-content\/uploads\/ducha-2.svg\" alt=\"\" class=\"wp-image-1011\"\/><\/figure>\n\n\n\n<p>Bad og dusj<br\/>moderne<\/p>\n<\/div>\n\n\n\n<div class=\"wp-block-group animation--init--once pop-up delay-2 is-layout-constrained wp-block-group-is-layout-constrained\">\n<figure class=\"wp-block-image aligncenter size-large\"><img loading=\"lazy\" decoding=\"async\" width=\"51\" height=\"51\" src=\"https:\/\/www.campinglacolina.com\/wp-content\/uploads\/atencion-24horas.svg\" alt=\"\" class=\"wp-image-1012\"\/><\/figure>\n\n\n\n<p>Personale<br\/>24 timer<\/p>\n<\/div>\n\n\n\n<div class=\"wp-block-group animation--init--once pop-up delay-3 is-layout-constrained wp-block-group-is-layout-constrained\">\n<figure class=\"wp-block-image aligncenter size-large\"><img loading=\"lazy\" decoding=\"async\" width=\"51\" height=\"51\" src=\"https:\/\/www.campinglacolina.com\/wp-content\/uploads\/piscina.svg\" alt=\"\" class=\"wp-image-1013\"\/><\/figure>\n\n\n\n<p>Sv\u00f8mmebasseng for<br\/>barn og voksne<\/p>\n<\/div>\n\n\n\n<div class=\"wp-block-group animation--init--once pop-up delay-4 is-layout-constrained wp-block-group-is-layout-constrained\">\n<figure class=\"wp-block-image aligncenter size-large\"><img loading=\"lazy\" decoding=\"async\" width=\"50\" height=\"51\" src=\"https:\/\/www.campinglacolina.com\/wp-content\/uploads\/servicios.svg\" alt=\"\" class=\"wp-image-1014\"\/><\/figure>\n\n\n\n<p>Tjenester<br\/>i tomtene<\/p>\n<\/div>\n\n<\/div>\n<\/div>\n\n        <div class=\"wp-block-custom-grid has-text-align-center has-custom-margin block-grid-responsive\" style=\"margin-top:var:preset|spacing|80; --wp--style--block-desktop-column:3;--wp--style--block-tablet-column:2;--wp--style--block-mobile-column:2;\">\n\n                <div class=\"acf-innerblocks-container\">\n\n<div class=\"wp-block-group animation--init--once pop-up delay-1 is-layout-constrained wp-block-group-is-layout-constrained\">\n<figure class=\"wp-block-image aligncenter size-large\"><img loading=\"lazy\" decoding=\"async\" width=\"51\" height=\"51\" src=\"https:\/\/www.campinglacolina.com\/wp-content\/uploads\/zonas-verdes.svg\" alt=\"\" class=\"wp-image-1015\"\/><\/figure>\n\n\n\n<p>Stor<br\/>gr\u00f8nne omr\u00e5der<\/p>\n<\/div>\n\n\n\n<div class=\"wp-block-group animation--init--once pop-up delay-2 is-layout-constrained wp-block-group-is-layout-constrained\">\n<figure class=\"wp-block-image aligncenter size-large\"><img loading=\"lazy\" decoding=\"async\" width=\"50\" height=\"51\" src=\"https:\/\/www.campinglacolina.com\/wp-content\/uploads\/petanca.svg\" alt=\"\" class=\"wp-image-1016\"\/><\/figure>\n\n\n\n<p>Clue<br\/>petanque<\/p>\n<\/div>\n\n\n\n<div class=\"wp-block-group animation--init--once pop-up delay-3 is-layout-constrained wp-block-group-is-layout-constrained\">\n<figure class=\"wp-block-image aligncenter size-large is-resized\"><img loading=\"lazy\" decoding=\"async\" width=\"51\" height=\"51\" src=\"https:\/\/www.campinglacolina.com\/wp-content\/uploads\/wifi.svg\" alt=\"\" class=\"wp-image-1017\" style=\"width:51px;height:auto\"\/><\/figure>\n\n\n\n<p>WIFI-tilkobling<br\/>i hele lokalet<\/p>\n<\/div>\n\n<\/div>\n<\/div>\n\n\n<div class=\"wp-block-buttons is-content-justification-center is-layout-flex wp-container-core-buttons-is-layout-a89b3969 wp-block-buttons-is-layout-flex\">\n<div class=\"wp-block-button animation--init--once slide-up button-servicios\"><a class=\"wp-block-button__link has-theme-blue-light-background-color has-background wp-element-button\" href=\"https:\/\/www.campinglacolina.com\/el-camping\/\" style=\"border-radius:50px\">Se alle tjenester<\/a><\/div>\n<\/div>\n<\/div>\n<\/div>\n<\/div>\n\n<div class=\"wp-block-group alignfull entorno-home section-z-index padding-responsive is-layout-constrained wp-block-group-is-layout-constrained\" style=\"margin-top:0;margin-bottom:0;padding-top:var(--wp--preset--spacing--80);padding-bottom:var(--wp--preset--spacing--80)\">\n<div class=\"wp-block-columns alignwide is-layout-flex wp-container-core-columns-is-layout-28f84493 wp-block-columns-is-layout-flex\">\n<div class=\"wp-block-column is-layout-flow wp-block-column-is-layout-flow\" style=\"flex-basis:33.33%\">\n<h2 class=\"wp-block-heading animation--init--once slide-up has-theme-blue-color has-text-color has-link-color wp-elements-60cfdc1fcc4730a81e3ba8b688504323\"><mark style=\"background-color:rgba(0, 0, 0, 0)\" class=\"has-inline-color has-theme-blue-light-color\"><sup>Milj\u00f8et<\/sup><br\/>Oppdage<\/mark><br\/>Costa Blanca<\/h2>\n\n\n\n<p class=\"animation--init--once slide-up\">Ligger n\u00e6r Albir-stranden, en av de mest privilegerte enklavene p\u00e5 Costa Blanca, tilbyr Camping La Colina sine kunder en stor plass hvor de kan sl\u00e5 leir eller parkere campingvognen sin, og kombinerer p\u00e5 den ene siden kontakt med naturen og p\u00e5 den andre komforten av sine moderne fasiliteter.<\/p>\n\n\n\n<div class=\"wp-block-buttons is-layout-flex wp-block-buttons-is-layout-flex\">\n<div class=\"wp-block-button animation--init--once slide-left\"><a class=\"wp-block-button__link has-theme-blue-light-background-color has-background wp-element-button\" href=\"https:\/\/www.campinglacolina.com\/entorno\/\" style=\"border-radius:50px\">L\u00e6r mer<\/a><\/div>\n<\/div>\n<\/div>\n\n\n\n<div class=\"wp-block-column is-layout-flow wp-block-column-is-layout-flow\" style=\"flex-basis:66.66%\">\n<div class=\"wp-image-slider galeria-3 has-text-align-left aspect-ratio-3_2\">\n\n                                        \n                    <script>\n                        'use strict';\n\n                        document.addEventListener('DOMContentLoaded', function () {\n\n                            (function() {\n                                const blockSlide = new Splide( '#slide_496', {\n                                    type : 'loop',\n                                    perPage: 3,\n                                                                        \n                                    breakpoints: {\n                                        800: {\n                                            perPage: 1,\n                                                                                    },\n                                        450: {\n                                            perPage: 1,\n                                            \n                                        },\n                                    },\n                                    pagination: false,\n                                    arrows: true,\n                                    gap: 'var(--wp--style--block-gap)',\n                                    i18n: {\n                                        slideLabel: '%s\/%s',\n                                    }\n                                } );\n                                \n\n                                \n                                blockSlide.mount();\n\n                                                                \n                                \n                            })();\n                        })\n                    <\/script>\n\n                    <div class=\"slider-container\"><div class=\"splide galeria-slider galeria-columnas-3\" id=\"slide_496\"><div class=\"splide__track\"><div class=\"splide__list\"><a href=\"https:\/\/www.campinglacolina.com\/wp-content\/uploads\/1.jpg\" id=\"thumb-2345\" class=\"splide__slide image-link\" data-gallery=\"slide_496\"  alt=\" \" class=\"image-link\"><div class=\"image-wrapper\"><img loading=\"lazy\" decoding=\"async\" width=\"800\" height=\"1067\" src=\"https:\/\/www.campinglacolina.com\/wp-content\/uploads\/1.jpg\" class=\"attachment-gallery-large size-gallery-large\" alt=\"\" srcset=\"https:\/\/www.campinglacolina.com\/wp-content\/uploads\/\/1.jpg 800w, https:\/\/www.campinglacolina.com\/wp-content\/uploads\/\/1-768x1024.jpg 768w, https:\/\/www.campinglacolina.com\/wp-content\/uploads\/\/1-384x512.jpg 384w, https:\/\/www.campinglacolina.com\/wp-content\/uploads\/\/1-192x256.jpg 192w\" sizes=\"auto, (max-width: 800px) 100vw, 800px\" \/><\/div><\/a><a href=\"https:\/\/www.campinglacolina.com\/wp-content\/uploads\/2.jpg\" id=\"thumb-2346\" class=\"splide__slide image-link\" data-gallery=\"slide_496\"  alt=\" \" class=\"image-link\"><div class=\"image-wrapper\"><img loading=\"lazy\" decoding=\"async\" width=\"800\" height=\"1200\" src=\"https:\/\/www.campinglacolina.com\/wp-content\/uploads\/2.jpg\" class=\"attachment-gallery-large size-gallery-large\" alt=\"\" srcset=\"https:\/\/www.campinglacolina.com\/wp-content\/uploads\/\/2.jpg 800w, https:\/\/www.campinglacolina.com\/wp-content\/uploads\/\/2-683x1024.jpg 683w, https:\/\/www.campinglacolina.com\/wp-content\/uploads\/\/2-768x1152.jpg 768w, https:\/\/www.campinglacolina.com\/wp-content\/uploads\/\/2-341x512.jpg 341w, https:\/\/www.campinglacolina.com\/wp-content\/uploads\/\/2-171x256.jpg 171w\" sizes=\"auto, (max-width: 800px) 100vw, 800px\" \/><\/div><\/a><a href=\"https:\/\/www.campinglacolina.com\/wp-content\/uploads\/f84f4108d1c255f5c6c6406fe7c800f3.jpg\" id=\"thumb-2347\" class=\"splide__slide image-link\" data-gallery=\"slide_496\"  alt=\" \" class=\"image-link\"><div class=\"image-wrapper\"><img loading=\"lazy\" decoding=\"async\" width=\"1536\" height=\"1024\" src=\"https:\/\/www.campinglacolina.com\/wp-content\/uploads\/f84f4108d1c255f5c6c6406fe7c800f3-1536x1024.jpg\" class=\"attachment-gallery-large size-gallery-large\" alt=\"\" srcset=\"https:\/\/www.campinglacolina.com\/wp-content\/uploads\/\/f84f4108d1c255f5c6c6406fe7c800f3-1536x1024.jpg 1536w, https:\/\/www.campinglacolina.com\/wp-content\/uploads\/\/f84f4108d1c255f5c6c6406fe7c800f3-1024x683.jpg 1024w, https:\/\/www.campinglacolina.com\/wp-content\/uploads\/\/f84f4108d1c255f5c6c6406fe7c800f3-768x512.jpg 768w, https:\/\/www.campinglacolina.com\/wp-content\/uploads\/\/f84f4108d1c255f5c6c6406fe7c800f3-512x341.jpg 512w, https:\/\/www.campinglacolina.com\/wp-content\/uploads\/\/f84f4108d1c255f5c6c6406fe7c800f3-256x171.jpg 256w, https:\/\/www.campinglacolina.com\/wp-content\/uploads\/\/f84f4108d1c255f5c6c6406fe7c800f3.jpg 1660w\" sizes=\"auto, (max-width: 1536px) 100vw, 1536px\" \/><\/div><\/a><\/div><\/div><\/div><\/div>\n                    \n<\/div><\/div>\n<\/div>\n<\/div>\n\n<div class=\"wp-block-group alignfull news section-z-index padding-responsive has-theme-grey-light-background-color has-background is-layout-constrained wp-block-group-is-layout-constrained\" style=\"margin-top:0;margin-bottom:0;padding-top:var(--wp--preset--spacing--80);padding-bottom:var(--wp--preset--spacing--80)\">\n<h2 class=\"wp-block-heading has-text-align-center animation--init--once slide-up has-theme-blue-light-color has-text-color has-link-color wp-elements-dc1e766f9c3f15e28d7356d286a5126c\" style=\"margin-bottom:var(--wp--preset--spacing--60)\"><sup>Camping nyheter<\/sup><br\/>Siste<mark style=\"background-color:rgba(0, 0, 0, 0)\" class=\"has-inline-color has-theme-blue-color\"> nytt<\/mark><\/h2>\n\n\n\n<div class=\"wp-block-query alignwide is-layout-flow wp-block-query-is-layout-flow\"><ul class=\"columns-3 wp-block-post-template is-layout-grid wp-container-core-post-template-is-layout-6d3fbd8f wp-block-post-template-is-layout-grid\"><li class=\"wp-block-post post-2426 post type-post status-publish format-standard has-post-thumbnail hentry category-nyheter-no category-sin-categorizar\">\n<figure class=\"wp-block-post-featured-image\"><img loading=\"lazy\" decoding=\"async\" width=\"1660\" height=\"934\" src=\"https:\/\/www.campinglacolina.com\/wp-content\/uploads\/noticia-1.jpg\" class=\"attachment-post-thumbnail size-post-thumbnail wp-post-image\" alt=\"\" style=\"object-fit:cover;\" srcset=\"https:\/\/www.campinglacolina.com\/wp-content\/uploads\/\/noticia-1.jpg 1660w, https:\/\/www.campinglacolina.com\/wp-content\/uploads\/\/noticia-1-1024x576.jpg 1024w, https:\/\/www.campinglacolina.com\/wp-content\/uploads\/\/noticia-1-768x432.jpg 768w, https:\/\/www.campinglacolina.com\/wp-content\/uploads\/\/noticia-1-1536x864.jpg 1536w, https:\/\/www.campinglacolina.com\/wp-content\/uploads\/\/noticia-1-512x288.jpg 512w, https:\/\/www.campinglacolina.com\/wp-content\/uploads\/\/noticia-1-256x144.jpg 256w\" sizes=\"auto, (max-width: 1660px) 100vw, 1660px\" \/><\/figure>\n\n\n<div class=\"wp-block-group date is-content-justification-left is-nowrap is-layout-flex wp-container-core-group-is-layout-fc9f69e7 wp-block-group-is-layout-flex\"><div class=\"wp-block-post-date\"><time datetime=\"2024-09-25T13:56:03+02:00\">25 September 2024<\/time><\/div>\n\n\n<p>\/<\/p>\n\n\n<ul class=\"wp-block-categories-list wp-block-categories\">\t<li class=\"cat-item cat-item-33\"><a href=\"https:\/\/www.campinglacolina.com\/no\/category\/nyheter-no\/\">Nyheter<\/a>\n<\/li>\n\t<li class=\"cat-item cat-item-1\"><a href=\"https:\/\/www.campinglacolina.com\/no\/category\/sin-categorizar\/\">Sin categorizar<\/a>\n<\/li>\n<\/ul><\/div>\n\n\n<h5 class=\"has-link-color wp-elements-5d2207b5789128fed405eb5a5b989152 wp-block-post-title has-text-color has-theme-blue-color\">Begynnelse av utvidelsesarbeid<\/h5>\n\n<div class=\"wp-block-post-excerpt\"><p class=\"wp-block-post-excerpt__excerpt\">Gode nyheter for alle campingelskere! Vi har gleden av \u00e5 informere deg om at vi har startet utvidelsesarbeidene p\u00e5 Camping La Colin&#8230; <\/p><\/div>\n\n<a class=\"wp-block-read-more\" href=\"https:\/\/www.campinglacolina.com\/no\/2024\/09\/25\/begynnelse-av-utvidelsesarbeid\/\" target=\"_self\">Read more<span class=\"screen-reader-text\">: Begynnelse av utvidelsesarbeid<\/span><\/a>\n<\/li><li class=\"wp-block-post post-2429 post type-post status-publish format-standard has-post-thumbnail hentry category-nyheter-no category-sin-categorizar\">\n<figure class=\"wp-block-post-featured-image\"><img loading=\"lazy\" decoding=\"async\" width=\"1660\" height=\"1109\" src=\"https:\/\/www.campinglacolina.com\/wp-content\/uploads\/noticia-2.jpg\" class=\"attachment-post-thumbnail size-post-thumbnail wp-post-image\" alt=\"\" style=\"object-fit:cover;\" srcset=\"https:\/\/www.campinglacolina.com\/wp-content\/uploads\/\/noticia-2.jpg 1660w, https:\/\/www.campinglacolina.com\/wp-content\/uploads\/\/noticia-2-1024x684.jpg 1024w, https:\/\/www.campinglacolina.com\/wp-content\/uploads\/\/noticia-2-768x513.jpg 768w, https:\/\/www.campinglacolina.com\/wp-content\/uploads\/\/noticia-2-1536x1026.jpg 1536w, https:\/\/www.campinglacolina.com\/wp-content\/uploads\/\/noticia-2-512x342.jpg 512w, https:\/\/www.campinglacolina.com\/wp-content\/uploads\/\/noticia-2-256x171.jpg 256w\" sizes=\"auto, (max-width: 1660px) 100vw, 1660px\" \/><\/figure>\n\n\n<div class=\"wp-block-group date is-content-justification-left is-nowrap is-layout-flex wp-container-core-group-is-layout-fc9f69e7 wp-block-group-is-layout-flex\"><div class=\"wp-block-post-date\"><time datetime=\"2024-09-25T12:09:19+02:00\">25 September 2024<\/time><\/div>\n\n\n<p>\/<\/p>\n\n\n<ul class=\"wp-block-categories-list wp-block-categories\">\t<li class=\"cat-item cat-item-33\"><a href=\"https:\/\/www.campinglacolina.com\/no\/category\/nyheter-no\/\">Nyheter<\/a>\n<\/li>\n\t<li class=\"cat-item cat-item-1\"><a href=\"https:\/\/www.campinglacolina.com\/no\/category\/sin-categorizar\/\">Sin categorizar<\/a>\n<\/li>\n<\/ul><\/div>\n\n\n<h5 class=\"has-link-color wp-elements-5d2207b5789128fed405eb5a5b989152 wp-block-post-title has-text-color has-theme-blue-color\">maurere og kristne festivaler i Benidorm<\/h5>\n\n<div class=\"wp-block-post-excerpt\"><p class=\"wp-block-post-excerpt__excerpt\">Fra 3. til 6. oktober vil Benidorm fylles med farger, musikk og tradisjon med feiringen av maurernes og kristne festivalen&#8230; <\/p><\/div>\n\n<a class=\"wp-block-read-more\" href=\"https:\/\/www.campinglacolina.com\/no\/2024\/09\/25\/maurere-og-kristne-festivaler-i-benidorm\/\" target=\"_self\">Read more<span class=\"screen-reader-text\">: maurere og kristne festivaler i Benidorm<\/span><\/a>\n<\/li><li class=\"wp-block-post post-2432 post type-post status-publish format-standard has-post-thumbnail hentry category-nyheter-no category-sin-categorizar\">\n<figure class=\"wp-block-post-featured-image\"><img loading=\"lazy\" decoding=\"async\" width=\"1024\" height=\"768\" src=\"https:\/\/www.campinglacolina.com\/wp-content\/uploads\/mercadillos-new.jpg\" class=\"attachment-post-thumbnail size-post-thumbnail wp-post-image\" alt=\"\" style=\"object-fit:cover;\" srcset=\"https:\/\/www.campinglacolina.com\/wp-content\/uploads\/\/mercadillos-new.jpg 1024w, https:\/\/www.campinglacolina.com\/wp-content\/uploads\/\/mercadillos-new-768x576.jpg 768w, https:\/\/www.campinglacolina.com\/wp-content\/uploads\/\/mercadillos-new-512x384.jpg 512w, https:\/\/www.campinglacolina.com\/wp-content\/uploads\/\/mercadillos-new-256x192.jpg 256w\" sizes=\"auto, (max-width: 1024px) 100vw, 1024px\" \/><\/figure>\n\n\n<div class=\"wp-block-group date is-content-justification-left is-nowrap is-layout-flex wp-container-core-group-is-layout-fc9f69e7 wp-block-group-is-layout-flex\"><div class=\"wp-block-post-date\"><time datetime=\"2024-09-24T15:06:56+02:00\">24 September 2024<\/time><\/div>\n\n\n<p>\/<\/p>\n\n\n<ul class=\"wp-block-categories-list wp-block-categories\">\t<li class=\"cat-item cat-item-33\"><a href=\"https:\/\/www.campinglacolina.com\/no\/category\/nyheter-no\/\">Nyheter<\/a>\n<\/li>\n\t<li class=\"cat-item cat-item-1\"><a href=\"https:\/\/www.campinglacolina.com\/no\/category\/sin-categorizar\/\">Sin categorizar<\/a>\n<\/li>\n<\/ul><\/div>\n\n\n<h5 class=\"has-link-color wp-elements-5d2207b5789128fed405eb5a5b989152 wp-block-post-title has-text-color has-theme-blue-color\">Liste over ukentlige markeder<\/h5>\n\n<div class=\"wp-block-post-excerpt\"><p class=\"wp-block-post-excerpt__excerpt\">Her er en liste over de ukentlige markedene i La Marina Baja-regionen, i provinsen Alicante&#8230; <\/p><\/div>\n\n<a class=\"wp-block-read-more\" href=\"https:\/\/www.campinglacolina.com\/no\/2024\/09\/24\/liste-over-ukentlige-markeder\/\" target=\"_self\">Read more<span class=\"screen-reader-text\">: Liste over ukentlige markeder<\/span><\/a>\n<\/li><\/ul><\/div>\n\n\n\n<div class=\"wp-block-buttons is-content-justification-center is-layout-flex wp-container-core-buttons-is-layout-48d0e691 wp-block-buttons-is-layout-flex\" style=\"margin-top:var(--wp--preset--spacing--60);margin-bottom:var(--wp--preset--spacing--60)\">\n<div class=\"wp-block-button\"><a class=\"wp-block-button__link has-theme-blue-light-background-color has-background wp-element-button\" href=\"https:\/\/www.campinglacolina.com\/noticias\/\" style=\"border-radius:50px\">F\u00e5 tilgang til alle nyhetene<\/a><\/div>\n<\/div>\n<\/div>\n\n<div class=\"wp-block-group alignfull has-theme-white-background-color has-background is-layout-constrained wp-block-group-is-layout-constrained\" style=\"margin-top:0;margin-bottom:0;padding-top:var(--wp--preset--spacing--80);padding-bottom:var(--wp--preset--spacing--80)\">\n<h2 class=\"wp-block-heading has-text-align-center animation--init--once slide-up has-theme-blue-light-color has-text-color has-link-color wp-elements-083e5985cfb559fd6717176e1eee6bea\" style=\"margin-bottom:var(--wp--preset--spacing--70)\"><sup>Attester<\/sup><br\/>V\u00e5re kunder <mark style=\"background-color:rgba(0, 0, 0, 0)\" class=\"has-inline-color has-theme-blue-color\">sier<\/mark><\/h2>\n\n\n\n<div class=\"wp-block-group alignwide is-layout-flow wp-block-group-is-layout-flow\"><pre class=\"ti-widget\" style=\"display: none\"><template id=\"trustindex-google-widget-html\"><div class=\"ti-widget ti-goog ti-review-text-mode-readmore ti-text-align-left\" data-no-translation=\"true\" data-layout-id=\"4\" data-layout-category=\"slider\" data-set-id=\"drop-shadow\" data-pid=\"\" data-language=\"es\" data-review-target-width=\"300\" data-css-version=\"2\" data-review-text-mode=\"readmore\" data-reply-by-locale=\"Respuesta del propietario\" data-pager-autoplay-timeout=\"6\" > <div class=\"ti-widget-container ti-col-3\"> <div class=\"ti-reviews-container\"> <div class=\"ti-controls\"> <div class=\"ti-next\" aria-label=\"Siguiente rese\u00f1a\" role=\"button\"><\/div> <div class=\"ti-prev\" aria-label=\"Rese\u00f1a anterior\" role=\"button\"><\/div> <\/div> <div class=\"ti-reviews-container-wrapper\">  <div data-empty=\"0\" class=\"ti-review-item source-Google ti-image-layout-thumbnail\" data-id=\"cfcd208495d565ef66e7dff9f98764da\" > <div class=\"ti-inner\"> <div class=\"ti-review-header\"> <trustindex-image class=\"ti-platform-icon\" data-imgurl=\"https:\/\/cdn.trustindex.io\/assets\/platform\/Google\/icon.svg\" alt=\"Google\" width=\"20\" height=\"20\" loading=\"lazy\" ><\/trustindex-image> <div class=\"ti-profile-img\"> <trustindex-image data-imgurl=\"https:\/\/lh3.googleusercontent.com\/a-\/ALV-UjWzRxB7uNN3bZVCzOYDINbuLw5aTdk-0smDc7M8rDO4mMCMpurY=w40-h40-c-rp-mo-br100\" data-imgurlset=\"https:\/\/lh3.googleusercontent.com\/a-\/ALV-UjWzRxB7uNN3bZVCzOYDINbuLw5aTdk-0smDc7M8rDO4mMCMpurY=w80-h80-c-rp-mo-br100 2x\" alt=\"Micaela Ivana profile picture\" loading=\"lazy\" ><\/trustindex-image> <\/div> <div class=\"ti-profile-details\"> <div class=\"ti-name\"> Micaela Ivana <\/div> <div class=\"ti-date\">2024-07-07<\/div> <\/div> <\/div> <span class=\"ti-stars\"><trustindex-image class=\"ti-star\" data-imgurl=\"https:\/\/cdn.trustindex.io\/assets\/platform\/Google\/star\/f.svg\" alt=\"Google\" width=\"17\" height=\"17\" loading=\"lazy\" ><\/trustindex-image><trustindex-image class=\"ti-star\" data-imgurl=\"https:\/\/cdn.trustindex.io\/assets\/platform\/Google\/star\/f.svg\" alt=\"Google\" width=\"17\" height=\"17\" loading=\"lazy\" ><\/trustindex-image><trustindex-image class=\"ti-star\" data-imgurl=\"https:\/\/cdn.trustindex.io\/assets\/platform\/Google\/star\/f.svg\" alt=\"Google\" width=\"17\" height=\"17\" loading=\"lazy\" ><\/trustindex-image><trustindex-image class=\"ti-star\" data-imgurl=\"https:\/\/cdn.trustindex.io\/assets\/platform\/Google\/star\/f.svg\" alt=\"Google\" width=\"17\" height=\"17\" loading=\"lazy\" ><\/trustindex-image><trustindex-image class=\"ti-star\" data-imgurl=\"https:\/\/cdn.trustindex.io\/assets\/platform\/Google\/star\/f.svg\" alt=\"Google\" width=\"17\" height=\"17\" loading=\"lazy\" ><\/trustindex-image><span class=\"ti-verified-review ti-verified-platform\"><span class=\"ti-verified-tooltip\">Trustindex verifica que la fuente original de la rese\u00f1a sea Google.<\/span><\/span><\/span> <div class=\"ti-review-text-container ti-review-content\"><!-- R-CONTENT -->El lugar es maravilloso, todo impecable, invita al relax. Menci\u00f3n especial para TODO el equipo de trabajo del camping, nos fuimos enamorados del lugar. Lo recomiendo al 100%.\n\nPiscina, Ba\u00f1os, lugres comunes\u2026 todo perfecto! GRACIAS EQUIPO CAMPING LA COLINA!!!<!-- R-CONTENT --><\/div> <span class=\"ti-read-more\" data-container=\".ti-review-content\" data-collapse-text=\"Ocultar\" data-open-text=\"Leer m\u00e1s\" ><\/span> <\/div> <\/div>  <div data-empty=\"0\" class=\"ti-review-item source-Google ti-image-layout-thumbnail\" data-id=\"cfcd208495d565ef66e7dff9f98764da\" > <div class=\"ti-inner\"> <div class=\"ti-review-header\"> <trustindex-image class=\"ti-platform-icon\" data-imgurl=\"https:\/\/cdn.trustindex.io\/assets\/platform\/Google\/icon.svg\" alt=\"Google\" width=\"20\" height=\"20\" loading=\"lazy\" ><\/trustindex-image> <div class=\"ti-profile-img\"> <trustindex-image data-imgurl=\"https:\/\/lh3.googleusercontent.com\/a\/ACg8ocILlhGSUbq4pyx-wjcYFNGOlz-DqnxccyymHJ7VimTXQiPYfA=w40-h40-c-rp-mo-br100\" data-imgurlset=\"https:\/\/lh3.googleusercontent.com\/a\/ACg8ocILlhGSUbq4pyx-wjcYFNGOlz-DqnxccyymHJ7VimTXQiPYfA=w80-h80-c-rp-mo-br100 2x\" alt=\"Nerea Dominguez Sanchez profile picture\" loading=\"lazy\" ><\/trustindex-image> <\/div> <div class=\"ti-profile-details\"> <div class=\"ti-name\"> Nerea Dominguez Sanchez <\/div> <div class=\"ti-date\">2024-06-29<\/div> <\/div> <\/div> <span class=\"ti-stars\"><trustindex-image class=\"ti-star\" data-imgurl=\"https:\/\/cdn.trustindex.io\/assets\/platform\/Google\/star\/f.svg\" alt=\"Google\" width=\"17\" height=\"17\" loading=\"lazy\" ><\/trustindex-image><trustindex-image class=\"ti-star\" data-imgurl=\"https:\/\/cdn.trustindex.io\/assets\/platform\/Google\/star\/f.svg\" alt=\"Google\" width=\"17\" height=\"17\" loading=\"lazy\" ><\/trustindex-image><trustindex-image class=\"ti-star\" data-imgurl=\"https:\/\/cdn.trustindex.io\/assets\/platform\/Google\/star\/f.svg\" alt=\"Google\" width=\"17\" height=\"17\" loading=\"lazy\" ><\/trustindex-image><trustindex-image class=\"ti-star\" data-imgurl=\"https:\/\/cdn.trustindex.io\/assets\/platform\/Google\/star\/f.svg\" alt=\"Google\" width=\"17\" height=\"17\" loading=\"lazy\" ><\/trustindex-image><trustindex-image class=\"ti-star\" data-imgurl=\"https:\/\/cdn.trustindex.io\/assets\/platform\/Google\/star\/f.svg\" alt=\"Google\" width=\"17\" height=\"17\" loading=\"lazy\" ><\/trustindex-image><span class=\"ti-verified-review ti-verified-platform\"><span class=\"ti-verified-tooltip\">Trustindex verifica que la fuente original de la rese\u00f1a sea Google.<\/span><\/span><\/span> <div class=\"ti-review-text-container ti-review-content\"><!-- R-CONTENT -->Viajamos en furgoneta, los servicios y duchas impoluto, piscina y zonas verdes da gusto verlo. Todo al detalle. Los \u00e1rboles preciosos, en ningun momento se escucha jaleo, todo muy civilizados. La atenci\u00f3n genial. Volveremos<!-- R-CONTENT --><\/div> <span class=\"ti-read-more\" data-container=\".ti-review-content\" data-collapse-text=\"Ocultar\" data-open-text=\"Leer m\u00e1s\" ><\/span> <\/div> <\/div>  <div data-empty=\"0\" class=\"ti-review-item source-Google ti-image-layout-thumbnail\" data-id=\"cfcd208495d565ef66e7dff9f98764da\" > <div class=\"ti-inner\"> <div class=\"ti-review-header\"> <trustindex-image class=\"ti-platform-icon\" data-imgurl=\"https:\/\/cdn.trustindex.io\/assets\/platform\/Google\/icon.svg\" alt=\"Google\" width=\"20\" height=\"20\" loading=\"lazy\" ><\/trustindex-image> <div class=\"ti-profile-img\"> <trustindex-image data-imgurl=\"https:\/\/lh3.googleusercontent.com\/a-\/ALV-UjW-HjQivPq5aMg7jdFm_O0u5UR7ZM-wQNCjZLDaJO7nDI3j1ohj=w40-h40-c-rp-mo-ba6-br100\" data-imgurlset=\"https:\/\/lh3.googleusercontent.com\/a-\/ALV-UjW-HjQivPq5aMg7jdFm_O0u5UR7ZM-wQNCjZLDaJO7nDI3j1ohj=w80-h80-c-rp-mo-ba6-br100 2x\" alt=\"Rolf Zen-Ruffinen profile picture\" loading=\"lazy\" ><\/trustindex-image> <\/div> <div class=\"ti-profile-details\"> <div class=\"ti-name\"> Rolf Zen-Ruffinen <\/div> <div class=\"ti-date\">2024-06-19<\/div> <\/div> <\/div> <span class=\"ti-stars\"><trustindex-image class=\"ti-star\" data-imgurl=\"https:\/\/cdn.trustindex.io\/assets\/platform\/Google\/star\/f.svg\" alt=\"Google\" width=\"17\" height=\"17\" loading=\"lazy\" ><\/trustindex-image><trustindex-image class=\"ti-star\" data-imgurl=\"https:\/\/cdn.trustindex.io\/assets\/platform\/Google\/star\/f.svg\" alt=\"Google\" width=\"17\" height=\"17\" loading=\"lazy\" ><\/trustindex-image><trustindex-image class=\"ti-star\" data-imgurl=\"https:\/\/cdn.trustindex.io\/assets\/platform\/Google\/star\/e.svg\" alt=\"Google\" width=\"17\" height=\"17\" loading=\"lazy\" ><\/trustindex-image><trustindex-image class=\"ti-star\" data-imgurl=\"https:\/\/cdn.trustindex.io\/assets\/platform\/Google\/star\/e.svg\" alt=\"Google\" width=\"17\" height=\"17\" loading=\"lazy\" ><\/trustindex-image><trustindex-image class=\"ti-star\" data-imgurl=\"https:\/\/cdn.trustindex.io\/assets\/platform\/Google\/star\/e.svg\" alt=\"Google\" width=\"17\" height=\"17\" loading=\"lazy\" ><\/trustindex-image><span class=\"ti-verified-review ti-verified-platform\"><span class=\"ti-verified-tooltip\">Trustindex verifica que la fuente original de la rese\u00f1a sea Google.<\/span><\/span><\/span> <div class=\"ti-review-text-container ti-review-content\"><!-- R-CONTENT -->Place limit\u00e9es par des haies, trop loin de la ville pour s'y rendre \u00e0 pied. Belle piscine. Majoritairement des caravanes \u00e0 la saison<!-- R-CONTENT --><\/div> <span class=\"ti-read-more\" data-container=\".ti-review-content\" data-collapse-text=\"Ocultar\" data-open-text=\"Leer m\u00e1s\" ><\/span> <\/div> <\/div>  <div data-empty=\"0\" class=\"ti-review-item source-Google ti-image-layout-thumbnail\" data-id=\"cfcd208495d565ef66e7dff9f98764da\" > <div class=\"ti-inner\"> <div class=\"ti-review-header\"> <trustindex-image class=\"ti-platform-icon\" data-imgurl=\"https:\/\/cdn.trustindex.io\/assets\/platform\/Google\/icon.svg\" alt=\"Google\" width=\"20\" height=\"20\" loading=\"lazy\" ><\/trustindex-image> <div class=\"ti-profile-img\"> <trustindex-image data-imgurl=\"https:\/\/lh3.googleusercontent.com\/a-\/ALV-UjXlvXkAxI1TKDAXhXBgrzvWNcGY-FQy3Mx-bZddm9gy2lBiNrGV=w40-h40-c-rp-mo-ba7-br100\" data-imgurlset=\"https:\/\/lh3.googleusercontent.com\/a-\/ALV-UjXlvXkAxI1TKDAXhXBgrzvWNcGY-FQy3Mx-bZddm9gy2lBiNrGV=w80-h80-c-rp-mo-ba7-br100 2x\" alt=\"Hans van Sambeek profile picture\" loading=\"lazy\" ><\/trustindex-image> <\/div> <div class=\"ti-profile-details\"> <div class=\"ti-name\"> Hans van Sambeek <\/div> <div class=\"ti-date\">2024-06-18<\/div> <\/div> <\/div> <span class=\"ti-stars\"><trustindex-image class=\"ti-star\" data-imgurl=\"https:\/\/cdn.trustindex.io\/assets\/platform\/Google\/star\/f.svg\" alt=\"Google\" width=\"17\" height=\"17\" loading=\"lazy\" ><\/trustindex-image><trustindex-image class=\"ti-star\" data-imgurl=\"https:\/\/cdn.trustindex.io\/assets\/platform\/Google\/star\/f.svg\" alt=\"Google\" width=\"17\" height=\"17\" loading=\"lazy\" ><\/trustindex-image><trustindex-image class=\"ti-star\" data-imgurl=\"https:\/\/cdn.trustindex.io\/assets\/platform\/Google\/star\/f.svg\" alt=\"Google\" width=\"17\" height=\"17\" loading=\"lazy\" ><\/trustindex-image><trustindex-image class=\"ti-star\" data-imgurl=\"https:\/\/cdn.trustindex.io\/assets\/platform\/Google\/star\/f.svg\" alt=\"Google\" width=\"17\" height=\"17\" loading=\"lazy\" ><\/trustindex-image><trustindex-image class=\"ti-star\" data-imgurl=\"https:\/\/cdn.trustindex.io\/assets\/platform\/Google\/star\/e.svg\" alt=\"Google\" width=\"17\" height=\"17\" loading=\"lazy\" ><\/trustindex-image><span class=\"ti-verified-review ti-verified-platform\"><span class=\"ti-verified-tooltip\">Trustindex verifica que la fuente original de la rese\u00f1a sea Google.<\/span><\/span><\/span> <div class=\"ti-review-text-container ti-review-content\"><!-- R-CONTENT -->Keurige camping met alle faciliteiten die je wenst. Mooi zwembad met ligbedden. Niet te druk. Nette en schone toiletten die ook op de dag regelmatig schoongemaakt worden. Totaal onderhoud is ruim voldoende. Veel vaste en lang verblijvende gasten. Ook jaar-plekken.\n\nLigt buiten het centrum van Albir, maar dat is prima te lopen.<!-- R-CONTENT --><\/div> <span class=\"ti-read-more\" data-container=\".ti-review-content\" data-collapse-text=\"Ocultar\" data-open-text=\"Leer m\u00e1s\" ><\/span> <\/div> <\/div>  <div data-empty=\"0\" class=\"ti-review-item source-Google ti-image-layout-thumbnail\" data-id=\"cfcd208495d565ef66e7dff9f98764da\" > <div class=\"ti-inner\"> <div class=\"ti-review-header\"> <trustindex-image class=\"ti-platform-icon\" data-imgurl=\"https:\/\/cdn.trustindex.io\/assets\/platform\/Google\/icon.svg\" alt=\"Google\" width=\"20\" height=\"20\" loading=\"lazy\" ><\/trustindex-image> <div class=\"ti-profile-img\"> <trustindex-image data-imgurl=\"https:\/\/lh3.googleusercontent.com\/a-\/ALV-UjUG4W1_caE6j56JROh29yoPVtymLGKpk0Zd8Ath9B55I8g_wEs=w40-h40-c-rp-mo-br100\" data-imgurlset=\"https:\/\/lh3.googleusercontent.com\/a-\/ALV-UjUG4W1_caE6j56JROh29yoPVtymLGKpk0Zd8Ath9B55I8g_wEs=w80-h80-c-rp-mo-br100 2x\" alt=\"Greatold profile picture\" loading=\"lazy\" ><\/trustindex-image> <\/div> <div class=\"ti-profile-details\"> <div class=\"ti-name\"> Greatold <\/div> <div class=\"ti-date\">2024-05-25<\/div> <\/div> <\/div> <span class=\"ti-stars\"><trustindex-image class=\"ti-star\" data-imgurl=\"https:\/\/cdn.trustindex.io\/assets\/platform\/Google\/star\/f.svg\" alt=\"Google\" width=\"17\" height=\"17\" loading=\"lazy\" ><\/trustindex-image><trustindex-image class=\"ti-star\" data-imgurl=\"https:\/\/cdn.trustindex.io\/assets\/platform\/Google\/star\/f.svg\" alt=\"Google\" width=\"17\" height=\"17\" loading=\"lazy\" ><\/trustindex-image><trustindex-image class=\"ti-star\" data-imgurl=\"https:\/\/cdn.trustindex.io\/assets\/platform\/Google\/star\/f.svg\" alt=\"Google\" width=\"17\" height=\"17\" loading=\"lazy\" ><\/trustindex-image><trustindex-image class=\"ti-star\" data-imgurl=\"https:\/\/cdn.trustindex.io\/assets\/platform\/Google\/star\/f.svg\" alt=\"Google\" width=\"17\" height=\"17\" loading=\"lazy\" ><\/trustindex-image><trustindex-image class=\"ti-star\" data-imgurl=\"https:\/\/cdn.trustindex.io\/assets\/platform\/Google\/star\/f.svg\" alt=\"Google\" width=\"17\" height=\"17\" loading=\"lazy\" ><\/trustindex-image><span class=\"ti-verified-review ti-verified-platform\"><span class=\"ti-verified-tooltip\">Trustindex verifica que la fuente original de la rese\u00f1a sea Google.<\/span><\/span><\/span> <div class=\"ti-review-text-container ti-review-content\"><!-- R-CONTENT -->Camping La Colina staat kort gezegd voor vriendelijkheid, rust, netheid en confort.\n\nPrijs kwaliteit scoort deze camping ontzettend goed.\n\nCamping wordt hoofdzakelijk tussen oktober en april bezet door gepensioneerde dat zorgt voor HEEL veel rust op de camping.\nDus als je van rust houd moet je hier zeker zijn.\n\nPersoneel is ZEER vriendelijk en behulpzaam, zowel de bazin, Raffa aan de receptie en al de andere medewerkers van de camping.\n\nSuper mooi sanitair met grote douches en wc (misschien is het sanitair wat klein gezien het aantal kampeerders die er gebruik van moeten maken).\n3 afwasbakken waar ook tevens de grote wasmachines \u00b1 7kg  en droogkast staan.\nDit wordt door de meeste kampeerders zelf ook proper gehouden.\n\nVanuit camping La Colina bent u zo in het centrum  van L'albir waar je een ruim aanbod aan supermarkten hebt.\nHet strand van L'albir ligt wel op mooie wandelafstand maar je moet het bezien als een kennismaking met de stad L'albir.\n\nAan eet mogelijkheden geen gebrek, spijtig genoeg is er geen restaurant op de camping maar het ZEER ruim aanbod aan restaurants in L'albir maakt dit zeker wel goed.\n\nZeker een aanrader.<!-- R-CONTENT --><\/div> <span class=\"ti-read-more\" data-container=\".ti-review-content\" data-collapse-text=\"Ocultar\" data-open-text=\"Leer m\u00e1s\" ><\/span> <\/div> <\/div>  <div data-empty=\"0\" class=\"ti-review-item source-Google ti-image-layout-thumbnail\" data-id=\"cfcd208495d565ef66e7dff9f98764da\" > <div class=\"ti-inner\"> <div class=\"ti-review-header\"> <trustindex-image class=\"ti-platform-icon\" data-imgurl=\"https:\/\/cdn.trustindex.io\/assets\/platform\/Google\/icon.svg\" alt=\"Google\" width=\"20\" height=\"20\" loading=\"lazy\" ><\/trustindex-image> <div class=\"ti-profile-img\"> <trustindex-image data-imgurl=\"https:\/\/lh3.googleusercontent.com\/a\/ACg8ocKvjAY4LbBPvuPLkhzwsUzQr_pM4c6e_6RTDHKwLlPdWmfdyg=w40-h40-c-rp-mo-br100\" data-imgurlset=\"https:\/\/lh3.googleusercontent.com\/a\/ACg8ocKvjAY4LbBPvuPLkhzwsUzQr_pM4c6e_6RTDHKwLlPdWmfdyg=w80-h80-c-rp-mo-br100 2x\" alt=\"MaJos\u00e9 Mu\u00f1oz profile picture\" loading=\"lazy\" ><\/trustindex-image> <\/div> <div class=\"ti-profile-details\"> <div class=\"ti-name\"> MaJos\u00e9 Mu\u00f1oz <\/div> <div class=\"ti-date\">2024-03-31<\/div> <\/div> <\/div> <span class=\"ti-stars\"><trustindex-image class=\"ti-star\" data-imgurl=\"https:\/\/cdn.trustindex.io\/assets\/platform\/Google\/star\/f.svg\" alt=\"Google\" width=\"17\" height=\"17\" loading=\"lazy\" ><\/trustindex-image><trustindex-image class=\"ti-star\" data-imgurl=\"https:\/\/cdn.trustindex.io\/assets\/platform\/Google\/star\/f.svg\" alt=\"Google\" width=\"17\" height=\"17\" loading=\"lazy\" ><\/trustindex-image><trustindex-image class=\"ti-star\" data-imgurl=\"https:\/\/cdn.trustindex.io\/assets\/platform\/Google\/star\/f.svg\" alt=\"Google\" width=\"17\" height=\"17\" loading=\"lazy\" ><\/trustindex-image><trustindex-image class=\"ti-star\" data-imgurl=\"https:\/\/cdn.trustindex.io\/assets\/platform\/Google\/star\/f.svg\" alt=\"Google\" width=\"17\" height=\"17\" loading=\"lazy\" ><\/trustindex-image><trustindex-image class=\"ti-star\" data-imgurl=\"https:\/\/cdn.trustindex.io\/assets\/platform\/Google\/star\/f.svg\" alt=\"Google\" width=\"17\" height=\"17\" loading=\"lazy\" ><\/trustindex-image><span class=\"ti-verified-review ti-verified-platform\"><span class=\"ti-verified-tooltip\">Trustindex verifica que la fuente original de la rese\u00f1a sea Google.<\/span><\/span><\/span> <div class=\"ti-review-text-container ti-review-content\"><!-- R-CONTENT -->Un camping de calidad\nParcelas s\u00faper amplias\nRecomendable 100%<!-- R-CONTENT --><\/div> <span class=\"ti-read-more\" data-container=\".ti-review-content\" data-collapse-text=\"Ocultar\" data-open-text=\"Leer m\u00e1s\" ><\/span> <\/div> <\/div>  <div data-empty=\"0\" class=\"ti-review-item source-Google ti-image-layout-thumbnail\" data-id=\"cfcd208495d565ef66e7dff9f98764da\" > <div class=\"ti-inner\"> <div class=\"ti-review-header\"> <trustindex-image class=\"ti-platform-icon\" data-imgurl=\"https:\/\/cdn.trustindex.io\/assets\/platform\/Google\/icon.svg\" alt=\"Google\" width=\"20\" height=\"20\" loading=\"lazy\" ><\/trustindex-image> <div class=\"ti-profile-img\"> <trustindex-image data-imgurl=\"https:\/\/lh3.googleusercontent.com\/a\/ACg8ocK-MgfeqQTHIvhsf4V0bVxnEDbxxxSoKUZPSuX_ufyhqddbSw=w40-h40-c-rp-mo-ba2-br100\" data-imgurlset=\"https:\/\/lh3.googleusercontent.com\/a\/ACg8ocK-MgfeqQTHIvhsf4V0bVxnEDbxxxSoKUZPSuX_ufyhqddbSw=w80-h80-c-rp-mo-ba2-br100 2x\" alt=\"Araceli Gavilan profile picture\" loading=\"lazy\" ><\/trustindex-image> <\/div> <div class=\"ti-profile-details\"> <div class=\"ti-name\"> Araceli Gavilan <\/div> <div class=\"ti-date\">2024-03-31<\/div> <\/div> <\/div> <span class=\"ti-stars\"><trustindex-image class=\"ti-star\" data-imgurl=\"https:\/\/cdn.trustindex.io\/assets\/platform\/Google\/star\/f.svg\" alt=\"Google\" width=\"17\" height=\"17\" loading=\"lazy\" ><\/trustindex-image><trustindex-image class=\"ti-star\" data-imgurl=\"https:\/\/cdn.trustindex.io\/assets\/platform\/Google\/star\/f.svg\" alt=\"Google\" width=\"17\" height=\"17\" loading=\"lazy\" ><\/trustindex-image><trustindex-image class=\"ti-star\" data-imgurl=\"https:\/\/cdn.trustindex.io\/assets\/platform\/Google\/star\/f.svg\" alt=\"Google\" width=\"17\" height=\"17\" loading=\"lazy\" ><\/trustindex-image><trustindex-image class=\"ti-star\" data-imgurl=\"https:\/\/cdn.trustindex.io\/assets\/platform\/Google\/star\/f.svg\" alt=\"Google\" width=\"17\" height=\"17\" loading=\"lazy\" ><\/trustindex-image><trustindex-image class=\"ti-star\" data-imgurl=\"https:\/\/cdn.trustindex.io\/assets\/platform\/Google\/star\/e.svg\" alt=\"Google\" width=\"17\" height=\"17\" loading=\"lazy\" ><\/trustindex-image><span class=\"ti-verified-review ti-verified-platform\"><span class=\"ti-verified-tooltip\">Trustindex verifica que la fuente original de la rese\u00f1a sea Google.<\/span><\/span><\/span> <div class=\"ti-review-text-container ti-review-content\"><!-- R-CONTENT -->Luces y sombras. El camping es nuevo, tiene parcelas amplias con agua y desag\u00fce en cada una de ellas. La luz se cobra a parte y el wifi tambi\u00e9n, a raz\u00f3n de 5\u20ac por d\u00eda nada menos.\nEl camping est\u00e1 colonizado por europeos de avanzada edad, que son muy silenciosos y respetuosos. El camping est\u00e1 limpio debido a que los usuarios lo mantienen muy limpio y porque es nuevo pero el servicio de limpieza es escaso.\nEn cuanto a la ubicaci\u00f3n, cre\u00eda que estar\u00eda en plena naturaleza, puesto que se anuncia como que est\u00e1 en la Sierra Helada, pero est\u00e1 en una carretera al lado de una gasolinera, a los pies de esta sierra, eso s\u00ed, pero no es el entorno natural que esperaba.\nLas salidas y entradas muy dif\u00edciles, ya que est\u00e1 en un cruce sin se\u00f1alizaci\u00f3n con much\u00edsimo tr\u00e1fico y hay que esperar y esperar hasta poder incorporarte a la carretera principal.<!-- R-CONTENT --><\/div> <span class=\"ti-read-more\" data-container=\".ti-review-content\" data-collapse-text=\"Ocultar\" data-open-text=\"Leer m\u00e1s\" ><\/span> <\/div> <\/div>  <\/div> <div class=\"ti-controls-line\"> <div class=\"dot\"><\/div> <\/div> <\/div>    <\/div> <\/div> <\/template><\/pre><div data-src=\"https:\/\/cdn.trustindex.io\/loader.js?wp-widget\" data-template-id=\"trustindex-google-widget-html\" data-css-url=\"https:\/\/www.campinglacolina.com\/wp-content\/uploads\/trustindex-google-widget.css?1752680713\"><\/div>\n<\/div>\n<\/div>\n\n<div class=\"wp-block-group alignfull mapa-home is-layout-flow wp-block-group-is-layout-flow\" style=\"margin-top:0;margin-bottom:0\">\n<iframe src=\"https:\/\/www.google.com\/maps\/embed?pb=!1m18!1m12!1m3!1d21600.237517515066!2d-0.10026316161775137!3d38.56864080143274!2m3!1f0!2f0!3f0!3m2!1i1024!2i768!4f13.1!3m3!1m2!1s0xd6206ad7acda3e9%3A0x4ff90a241052fb23!2sCamping%20La%20Colina!5e0!3m2!1ses!2ses!4v1721039923207!5m2!1ses!2ses\" width=\"100%\" height=\"600\" style=\"border:0;\" allowfullscreen=\"\" loading=\"lazy\" referrerpolicy=\"no-referrer-when-downgrade\"><\/iframe>\n\n\n\n<div class=\"wp-block-group mapa-home-content padding-responsive has-theme-white-background-color has-background is-layout-constrained wp-container-core-group-is-layout-db32e940 wp-block-group-is-layout-constrained\" style=\"border-radius:10px;padding-top:var(--wp--preset--spacing--60);padding-right:var(--wp--preset--spacing--60);padding-bottom:var(--wp--preset--spacing--60);padding-left:var(--wp--preset--spacing--60)\">\n<h2 class=\"wp-block-heading animation--init--once slide-up has-theme-blue-color has-text-color has-link-color wp-elements-3bf5509fffae12fdda18bdbfdb8ca093\"><mark style=\"background-color:rgba(0, 0, 0, 0)\" class=\"has-inline-color has-theme-blue-light-color\">komme til<\/mark><\/h2>\n\n\n\n<h2 class=\"wp-block-heading animation--init--once slide-up has-theme-blue-color has-text-color has-link-color wp-elements-bf4425843110d9f7f6cbdc1597fd169d\">bes\u00f8k oss<\/h2>\n\n\n\n<p class=\"has-theme-blue-color has-text-color has-link-color wp-elements-3882e9965b7c4325e80005e25d06411c\" style=\"font-size:24px\"><sub>en av de mest enklaver<\/sub><br\/><sub>privilegerte mennesker <mark style=\"background-color:rgba(0, 0, 0, 0)\" class=\"has-inline-color has-theme-blue-light-color\">p\u00e5 Costa Blanca<\/mark><\/sub><\/p>\n\n\n\n<div class=\"wp-block-buttons is-vertical is-content-justification-center is-layout-flex wp-container-core-buttons-is-layout-ce155fab wp-block-buttons-is-layout-flex\">\n<div class=\"wp-block-button animation--init--once slide-up\"><a class=\"wp-block-button__link has-theme-blue-light-background-color has-background wp-element-button\" href=\"https:\/\/www.google.com\/maps\/place\/Camping+La+Colina\/@38.5679207,-0.0836102,17z\/data=!4m9!3m8!1s0xd6206ad7acda3e9:0x4ff90a241052fb23!5m2!4m1!1i2!8m2!3d38.5679165!4d-0.0810353!16s%2Fg%2F12m9j1chj?entry=ttu\" style=\"border-radius:50px\" target=\"_blank\" rel=\"noreferrer noopener\">Hvordan komme seg dit<\/a><\/div>\n\n\n\n<div class=\"wp-block-button animation--init--once slide-up\"><a class=\"wp-block-button__link has-theme-blue-light-background-color has-background wp-element-button\" href=\"https:\/\/www.campinglacolina.com\/wp-content\/uploads\/pdf\/plano-camping.pdf\" style=\"border-radius:50px\" target=\"_blank\" rel=\"noreferrer noopener\">Camping kart<\/a><\/div>\n\n\n\n<div class=\"wp-block-button animation--init--once slide-up\"><a class=\"wp-block-button__link has-theme-blue-light-background-color has-background wp-element-button\" href=\"https:\/\/www.campinglacolina.com\/contacto\/\" style=\"border-radius:50px\">Kontakt oss<\/a><\/div>\n<\/div>\n<\/div>\n<\/div>\n","protected":false},"excerpt":{"rendered":"<p>Velkomsttil campingplassenBakken en av de mest enklaverprivilegerte mennesker p\u00e5 Costa Blanca CAMPING LA COLINAVelkomstTil Costa Blanca Ligger n\u00e6r Albir-stranden, en av de mest privilegerte enklavene&#8230;<\/p>\n","protected":false},"author":2,"featured_media":0,"parent":0,"menu_order":0,"comment_status":"closed","ping_status":"closed","template":"","meta":{"_acf_changed":false,"inline_featured_image":false,"footnotes":""},"class_list":["post-2324","page","type-page","status-publish","hentry"],"acf":[],"yoast_head":"<!-- This site is optimized with the Yoast SEO plugin v25.5 - https:\/\/yoast.com\/wordpress\/plugins\/seo\/ -->\n<title>Camping La Colina p\u00e5 Costa Blanca, n\u00e6r Albir<\/title>\n<meta name=\"description\" content=\"Camping La Colina, n\u00e6r stranden i Albir, kombinerer natur og komfort med romslige campingomr\u00e5der og moderne fasiliteter p\u00e5 Costa Blanca.\" \/>\n<meta name=\"robots\" content=\"index, follow, max-snippet:-1, max-image-preview:large, max-video-preview:-1\" \/>\n<link rel=\"canonical\" href=\"https:\/\/www.campinglacolina.com\/no\/\" \/>\n<meta property=\"og:locale\" content=\"en_US\" \/>\n<meta property=\"og:type\" content=\"article\" \/>\n<meta property=\"og:title\" content=\"Camping La Colina p\u00e5 Costa Blanca, n\u00e6r Albir\" \/>\n<meta property=\"og:description\" content=\"Camping La Colina, n\u00e6r stranden i Albir, kombinerer natur og komfort med romslige campingomr\u00e5der og moderne fasiliteter p\u00e5 Costa Blanca.\" \/>\n<meta property=\"og:url\" content=\"https:\/\/www.campinglacolina.com\/no\/\" \/>\n<meta property=\"og:site_name\" content=\"Camping La Colina p\u00e5 Costa Blanca, n\u00e6r Albir\" \/>\n<meta property=\"article:modified_time\" content=\"2024-10-21T08:24:01+00:00\" \/>\n<meta property=\"og:image\" content=\"https:\/\/www.campinglacolina.com\/wp-content\/uploads\/lavabo.jpg\" \/>\n<meta name=\"twitter:card\" content=\"summary_large_image\" \/>\n<meta name=\"twitter:label1\" content=\"Est. reading time\" \/>\n\t<meta name=\"twitter:data1\" content=\"13 minutes\" \/>\n<script type=\"application\/ld+json\" class=\"yoast-schema-graph\">{\"@context\":\"https:\/\/schema.org\",\"@graph\":[{\"@type\":\"WebPage\",\"@id\":\"https:\/\/www.campinglacolina.com\/no\/\",\"url\":\"https:\/\/www.campinglacolina.com\/no\/\",\"name\":\"Camping La Colina p\u00e5 Costa Blanca, n\u00e6r Albir\",\"isPartOf\":{\"@id\":\"https:\/\/www.campinglacolina.com\/no\/#website\"},\"primaryImageOfPage\":{\"@id\":\"https:\/\/www.campinglacolina.com\/no\/#primaryimage\"},\"image\":{\"@id\":\"https:\/\/www.campinglacolina.com\/no\/#primaryimage\"},\"thumbnailUrl\":\"https:\/\/www.campinglacolina.com\/wp-content\/uploads\/lavabo.jpg\",\"datePublished\":\"2022-10-10T13:48:01+00:00\",\"dateModified\":\"2024-10-21T08:24:01+00:00\",\"description\":\"Camping La Colina, n\u00e6r stranden i Albir, kombinerer natur og komfort med romslige campingomr\u00e5der og moderne fasiliteter p\u00e5 Costa Blanca.\",\"breadcrumb\":{\"@id\":\"https:\/\/www.campinglacolina.com\/no\/#breadcrumb\"},\"inLanguage\":\"no-NO\",\"potentialAction\":[{\"@type\":\"ReadAction\",\"target\":[\"https:\/\/www.campinglacolina.com\/no\/\"]}]},{\"@type\":\"ImageObject\",\"inLanguage\":\"no-NO\",\"@id\":\"https:\/\/www.campinglacolina.com\/no\/#primaryimage\",\"url\":\"https:\/\/www.campinglacolina.com\/wp-content\/uploads\/lavabo.jpg\",\"contentUrl\":\"https:\/\/www.campinglacolina.com\/wp-content\/uploads\/lavabo.jpg\"},{\"@type\":\"BreadcrumbList\",\"@id\":\"https:\/\/www.campinglacolina.com\/no\/#breadcrumb\",\"itemListElement\":[{\"@type\":\"ListItem\",\"position\":1,\"name\":\"Portada\",\"item\":\"https:\/\/www.campinglacolina.com\/no\/\"},{\"@type\":\"ListItem\",\"position\":2,\"name\":\"Camping La Colina\"}]},{\"@type\":\"WebSite\",\"@id\":\"https:\/\/www.campinglacolina.com\/no\/#website\",\"url\":\"https:\/\/www.campinglacolina.com\/no\/\",\"name\":\"Camping La Colina p\u00e5 Costa Blanca, n\u00e6r Albir\",\"description\":\"Camping La Colina, n\u00e6r stranden i Albir, kombinerer natur og komfort med romslige campingomr\u00e5der og moderne fasiliteter p\u00e5 Costa Blanca.\",\"publisher\":{\"@id\":\"https:\/\/www.campinglacolina.com\/no\/#organization\"},\"potentialAction\":[{\"@type\":\"SearchAction\",\"target\":{\"@type\":\"EntryPoint\",\"urlTemplate\":\"https:\/\/www.campinglacolina.com\/no\/?s={search_term_string}\"},\"query-input\":{\"@type\":\"PropertyValueSpecification\",\"valueRequired\":true,\"valueName\":\"search_term_string\"}}],\"inLanguage\":\"no-NO\"},{\"@type\":\"Organization\",\"@id\":\"https:\/\/www.campinglacolina.com\/no\/#organization\",\"name\":\"Camping La Colina p\u00e5 Costa Blanca, n\u00e6r Albir\",\"url\":\"https:\/\/www.campinglacolina.com\/no\/\",\"logo\":{\"@type\":\"ImageObject\",\"inLanguage\":\"no-NO\",\"@id\":\"https:\/\/www.campinglacolina.com\/no\/#\/schema\/logo\/image\/\",\"url\":\"https:\/\/www.campinglacolina.com\/wp-content\/uploads\/cropped-logo-lacolina.png\",\"contentUrl\":\"https:\/\/www.campinglacolina.com\/wp-content\/uploads\/cropped-logo-lacolina.png\",\"width\":206,\"height\":62,\"caption\":\"Camping La Colina p\u00e5 Costa Blanca, n\u00e6r Albir\"},\"image\":{\"@id\":\"https:\/\/www.campinglacolina.com\/no\/#\/schema\/logo\/image\/\"}}]}<\/script>\n<!-- \/ Yoast SEO plugin. -->","yoast_head_json":{"title":"Camping La Colina p\u00e5 Costa Blanca, n\u00e6r Albir","description":"Camping La Colina, n\u00e6r stranden i Albir, kombinerer natur og komfort med romslige campingomr\u00e5der og moderne fasiliteter p\u00e5 Costa Blanca.","robots":{"index":"index","follow":"follow","max-snippet":"max-snippet:-1","max-image-preview":"max-image-preview:large","max-video-preview":"max-video-preview:-1"},"canonical":"https:\/\/www.campinglacolina.com\/no\/","og_locale":"en_US","og_type":"article","og_title":"Camping La Colina p\u00e5 Costa Blanca, n\u00e6r Albir","og_description":"Camping La Colina, n\u00e6r stranden i Albir, kombinerer natur og komfort med romslige campingomr\u00e5der og moderne fasiliteter p\u00e5 Costa Blanca.","og_url":"https:\/\/www.campinglacolina.com\/no\/","og_site_name":"Camping La Colina p\u00e5 Costa Blanca, n\u00e6r Albir","article_modified_time":"2024-10-21T08:24:01+00:00","og_image":[{"url":"https:\/\/www.campinglacolina.com\/wp-content\/uploads\/lavabo.jpg","type":"","width":"","height":""}],"twitter_card":"summary_large_image","twitter_misc":{"Est. reading time":"13 minutes"},"schema":{"@context":"https:\/\/schema.org","@graph":[{"@type":"WebPage","@id":"https:\/\/www.campinglacolina.com\/no\/","url":"https:\/\/www.campinglacolina.com\/no\/","name":"Camping La Colina p\u00e5 Costa Blanca, n\u00e6r Albir","isPartOf":{"@id":"https:\/\/www.campinglacolina.com\/no\/#website"},"primaryImageOfPage":{"@id":"https:\/\/www.campinglacolina.com\/no\/#primaryimage"},"image":{"@id":"https:\/\/www.campinglacolina.com\/no\/#primaryimage"},"thumbnailUrl":"https:\/\/www.campinglacolina.com\/wp-content\/uploads\/lavabo.jpg","datePublished":"2022-10-10T13:48:01+00:00","dateModified":"2024-10-21T08:24:01+00:00","description":"Camping La Colina, n\u00e6r stranden i Albir, kombinerer natur og komfort med romslige campingomr\u00e5der og moderne fasiliteter p\u00e5 Costa Blanca.","breadcrumb":{"@id":"https:\/\/www.campinglacolina.com\/no\/#breadcrumb"},"inLanguage":"no-NO","potentialAction":[{"@type":"ReadAction","target":["https:\/\/www.campinglacolina.com\/no\/"]}]},{"@type":"ImageObject","inLanguage":"no-NO","@id":"https:\/\/www.campinglacolina.com\/no\/#primaryimage","url":"https:\/\/www.campinglacolina.com\/wp-content\/uploads\/lavabo.jpg","contentUrl":"https:\/\/www.campinglacolina.com\/wp-content\/uploads\/lavabo.jpg"},{"@type":"BreadcrumbList","@id":"https:\/\/www.campinglacolina.com\/no\/#breadcrumb","itemListElement":[{"@type":"ListItem","position":1,"name":"Portada","item":"https:\/\/www.campinglacolina.com\/no\/"},{"@type":"ListItem","position":2,"name":"Camping La Colina"}]},{"@type":"WebSite","@id":"https:\/\/www.campinglacolina.com\/no\/#website","url":"https:\/\/www.campinglacolina.com\/no\/","name":"Camping La Colina p\u00e5 Costa Blanca, n\u00e6r Albir","description":"Camping La Colina, n\u00e6r stranden i Albir, kombinerer natur og komfort med romslige campingomr\u00e5der og moderne fasiliteter p\u00e5 Costa Blanca.","publisher":{"@id":"https:\/\/www.campinglacolina.com\/no\/#organization"},"potentialAction":[{"@type":"SearchAction","target":{"@type":"EntryPoint","urlTemplate":"https:\/\/www.campinglacolina.com\/no\/?s={search_term_string}"},"query-input":{"@type":"PropertyValueSpecification","valueRequired":true,"valueName":"search_term_string"}}],"inLanguage":"no-NO"},{"@type":"Organization","@id":"https:\/\/www.campinglacolina.com\/no\/#organization","name":"Camping La Colina p\u00e5 Costa Blanca, n\u00e6r Albir","url":"https:\/\/www.campinglacolina.com\/no\/","logo":{"@type":"ImageObject","inLanguage":"no-NO","@id":"https:\/\/www.campinglacolina.com\/no\/#\/schema\/logo\/image\/","url":"https:\/\/www.campinglacolina.com\/wp-content\/uploads\/cropped-logo-lacolina.png","contentUrl":"https:\/\/www.campinglacolina.com\/wp-content\/uploads\/cropped-logo-lacolina.png","width":206,"height":62,"caption":"Camping La Colina p\u00e5 Costa Blanca, n\u00e6r Albir"},"image":{"@id":"https:\/\/www.campinglacolina.com\/no\/#\/schema\/logo\/image\/"}}]}},"_links":{"self":[{"href":"https:\/\/www.campinglacolina.com\/no\/wp-json\/wp\/v2\/pages\/2324","targetHints":{"allow":["GET"]}}],"collection":[{"href":"https:\/\/www.campinglacolina.com\/no\/wp-json\/wp\/v2\/pages"}],"about":[{"href":"https:\/\/www.campinglacolina.com\/no\/wp-json\/wp\/v2\/types\/page"}],"author":[{"embeddable":true,"href":"https:\/\/www.campinglacolina.com\/no\/wp-json\/wp\/v2\/users\/2"}],"replies":[{"embeddable":true,"href":"https:\/\/www.campinglacolina.com\/no\/wp-json\/wp\/v2\/comments?post=2324"}],"version-history":[{"count":1,"href":"https:\/\/www.campinglacolina.com\/no\/wp-json\/wp\/v2\/pages\/2324\/revisions"}],"predecessor-version":[{"id":2354,"href":"https:\/\/www.campinglacolina.com\/no\/wp-json\/wp\/v2\/pages\/2324\/revisions\/2354"}],"wp:attachment":[{"href":"https:\/\/www.campinglacolina.com\/no\/wp-json\/wp\/v2\/media?parent=2324"}],"curies":[{"name":"wp","href":"https:\/\/api.w.org\/{rel}","templated":true}]}}